{"id":68,"date":"2022-03-06T13:25:35","date_gmt":"2022-03-06T13:25:35","guid":{"rendered":"https:\/\/piedlflotta.hu\/?page_id=68"},"modified":"2025-03-31T06:52:08","modified_gmt":"2025-03-31T06:52:08","slug":"rolunk","status":"publish","type":"page","link":"https:\/\/piedlflotta.hu\/index.php\/rolunk\/","title":{"rendered":"R\u00f3lunk"},"content":{"rendered":"<p>[et_pb_section fb_built=&#8221;1&#8243; custom_padding_last_edited=&#8221;on|tablet&#8221; admin_label=&#8221;Hero&#8221; _builder_version=&#8221;4.27.4&#8243; use_background_color_gradient=&#8221;on&#8221; background_color_gradient_stops=&#8221;rgba(27,31,37,0) 0%|#1b1f25 100%&#8221; background_color_gradient_overlays_image=&#8221;on&#8221; background_color_gradient_start=&#8221;rgba(27,31,37,0)&#8221; background_color_gradient_end=&#8221;#1b1f25&#8243; background_image=&#8221;https:\/\/piedlflotta.hu\/wp-content\/uploads\/2025\/02\/Skoda_Range_Joy_130_1000x600_ROLUNK.jpg&#8221; custom_margin=&#8221;0px|||&#8221; custom_padding=&#8221;0px|10%|0px|10%|true|true&#8221; custom_padding_tablet=&#8221;|30px||30px||true&#8221; custom_padding_phone=&#8221;|||||true&#8221; locked=&#8221;off&#8221; global_colors_info=&#8221;{}&#8221;][et_pb_row column_structure=&#8221;2_3,1_3&#8243; padding_top_bottom_link_1=&#8221;true&#8221; padding_left_right_link_1=&#8221;true&#8221; _builder_version=&#8221;4.16&#8243; background_size=&#8221;initial&#8221; background_position=&#8221;top_left&#8221; width=&#8221;100%&#8221; max_width=&#8221;100%&#8221; custom_margin=&#8221;|||&#8221; custom_padding=&#8221;0||0px||false|false&#8221; use_custom_width=&#8221;on&#8221; width_unit=&#8221;off&#8221; custom_width_percent=&#8221;100%&#8221; global_colors_info=&#8221;{}&#8221;][et_pb_column type=&#8221;2_3&#8243; _builder_version=&#8221;4.16&#8243; use_background_color_gradient=&#8221;on&#8221; background_color_gradient_stops=&#8221;rgba(0,0,0,0.12) 0%|rgba(255,255,255,0) 100%&#8221; background_color_gradient_start=&#8221;rgba(0,0,0,0.12)&#8221; background_color_gradient_end=&#8221;rgba(255,255,255,0)&#8221; custom_padding=&#8221;12vw|40px|12vw|40px&#8221; custom_padding_tablet=&#8221;|||&#8221; custom_padding_phone=&#8221;|10px||10px||true&#8221; custom_padding_last_edited=&#8221;on|desktop&#8221; global_colors_info=&#8221;{}&#8221; padding_phone=&#8221;|10px||10px||true&#8221; padding_tablet=&#8221;|||&#8221; padding_last_edited=&#8221;on|desktop&#8221; custom_padding__hover=&#8221;|||&#8221;][et_pb_text _builder_version=&#8221;4.16&#8243; text_font=&#8221;Lato||||||||&#8221; text_font_size=&#8221;20px&#8221; text_line_height=&#8221;1.8em&#8221; header_font=&#8221;Teko|500||on|||||&#8221; header_font_size=&#8221;9vw&#8221; header_letter_spacing=&#8221;0.05em&#8221; header_line_height=&#8221;0.9em&#8221; background_layout=&#8221;dark&#8221; custom_margin=&#8221;|-10vw|0px|&#8221; custom_margin_tablet=&#8221;|0vw||&#8221; custom_margin_phone=&#8221;|-5vw||&#8221; custom_margin_last_edited=&#8221;on|tablet&#8221; animation_style=&#8221;zoom&#8221; animation_delay=&#8221;100ms&#8221; animation_intensity_zoom=&#8221;10%&#8221; header_font_size_tablet=&#8221;&#8221; header_font_size_phone=&#8221;&#8221; header_font_size_last_edited=&#8221;on|phone&#8221; header_line_height_tablet=&#8221;&#8221; header_line_height_phone=&#8221;1.2em&#8221; header_line_height_last_edited=&#8221;on|phone&#8221; header_text_shadow_style=&#8221;preset1&#8243; header_text_shadow_vertical_length=&#8221;0.18em&#8221; header_text_shadow_blur_strength=&#8221;0.27em&#8221; header_text_shadow_color=&#8221;rgba(0,0,0,0.38)&#8221; global_colors_info=&#8221;{}&#8221;]<\/p>\n<h1>R\u00f3lunk<\/h1>\n<p>[\/et_pb_text][\/et_pb_column][et_pb_column type=&#8221;1_3&#8243; _builder_version=&#8221;4.16&#8243; custom_padding=&#8221;|||&#8221; global_colors_info=&#8221;{}&#8221; custom_padding__hover=&#8221;|||&#8221;][\/et_pb_column][\/et_pb_row][\/et_pb_section][et_pb_section fb_built=&#8221;1&#8243; admin_label=&#8221;About Us&#8221; _builder_version=&#8221;4.16&#8243; custom_padding=&#8221;120px|0px||0px|false|false&#8221; global_colors_info=&#8221;{}&#8221;][et_pb_row _builder_version=&#8221;4.16&#8243; module_alignment=&#8221;center&#8221; custom_margin=&#8221;|412px||auto||&#8221; use_custom_width=&#8221;on&#8221; custom_width_px=&#8221;960px&#8221; locked=&#8221;off&#8221; global_colors_info=&#8221;{}&#8221;][et_pb_column type=&#8221;4_4&#8243; _builder_version=&#8221;4.16&#8243; custom_padding=&#8221;|||&#8221; global_colors_info=&#8221;{}&#8221; custom_padding__hover=&#8221;|||&#8221;][et_pb_text admin_label=&#8221;Title&#8221; _builder_version=&#8221;4.27.4&#8243; text_font=&#8221;Lato||||||||&#8221; text_font_size=&#8221;20px&#8221; text_line_height=&#8221;1.8em&#8221; header_font=&#8221;||||||||&#8221; header_2_font=&#8221;Teko||||||||&#8221; header_2_font_size=&#8221;96px&#8221; text_orientation=&#8221;center&#8221; max_width=&#8221;1080%&#8221; module_alignment=&#8221;center&#8221; custom_margin=&#8221;|||&#8221; hover_enabled=&#8221;0&#8243; header_2_font_size_tablet=&#8221;66px&#8221; header_2_font_size_phone=&#8221;36px&#8221; header_2_font_size_last_edited=&#8221;on|phone&#8221; global_colors_info=&#8221;{}&#8221; sticky_enabled=&#8221;0&#8243;]<\/p>\n<h2>T\u00f6rt\u00e9net\u00fcnk<\/h2>\n<p style=\"text-align: justify;\">C\u00e9g\u00fcnk, a Piedl Kft. 2001 \u00f3ta l\u00e1tja el a Skoda m\u00e1rka k\u00e9pviselet\u00e9t a Veszpr\u00e9m-Balaton r\u00e9gi\u00f3ban. Keresked\u00e9s\u00fcnk az \u00faj Skoda g\u00e9pkocsik \u00e9rt\u00e9kes\u00edt\u00e9se mellett Das Welauto (pr\u00e9mium min\u0151s\u00e9g\u0171) haszn\u00e1ltaut\u00f3k \u00e9rt\u00e9kes\u00edt\u00e9s\u00e9vel is foglalkozik, tov\u00e1bb\u00e1 &#8211; a Skoda m\u00e1rk\u00e1n k\u00edv\u00fcl &#8211; Volkswagen, Seat\/Cupra \u00e9s VW-haszong\u00e9pj\u00e1rm\u0171 m\u00e1rkaszerviz jogosults\u00e1ggal is rendelkezik. Ezen k\u00edv\u00fcl m\u00e1rk\u00e1t\u00f3l f\u00fcggetlen\u00fcl v\u00e1llaljuk b\u00e1rmilyen t\u00edpus\u00fa aut\u00f3 szakszervizel\u00e9s\u00e9t, m\u0171szaki vizsg\u00e1ztat\u00e1s\u00e1t \u00e9s teljes k\u00f6r\u0171 k\u00e1r\u00fcgyint\u00e9z\u00e9s\u00e9t, bele\u00e9rtve a karossz\u00e9ria jav\u00edt\u00e1st \u00e9s a f\u00e9nyez\u00e9st is. Keresked\u00e9s\u00fcnket a kezdetek \u00f3ta dinamikus fejl\u0151d\u00e9s jellemzi \u00e9s egyre meghat\u00e1roz\u00f3bb piaci szerepl\u0151je a t\u00e9rs\u00e9gnek, k\u00f6sz\u00f6nhet\u0151en annak, hogy az \u00fczleti modell\u00fcnket mindig a helyi piaci ig\u00e9nyekhez igaz\u00edtva alak\u00edtottuk ki vagy v\u00e1ltoztattuk. V\u00e1llalatunk 2015 \u00f3ta foglalkozik hossz\u00fa- \u00e9s r\u00f6vidt\u00e1v\u00fa g\u00e9pj\u00e1rm\u0171b\u00e9rbead\u00e1ssal. Flotta\u00e1llom\u00e1nyunk \u00e9s el\u00e9gedett \u00fcgyfeleink k\u00f6re dinamikusan b\u0151v\u00fcl.<\/p>\n<p>&nbsp;<\/p>\n<p>[\/et_pb_text][et_pb_text admin_label=&#8221;Title&#8221; _builder_version=&#8221;4.16&#8243; text_font=&#8221;Lato||||||||&#8221; text_font_size=&#8221;20px&#8221; text_line_height=&#8221;1.8em&#8221; header_font=&#8221;||||||||&#8221; header_2_font=&#8221;Teko||||||||&#8221; header_2_font_size=&#8221;96px&#8221; text_orientation=&#8221;center&#8221; max_width=&#8221;1080%&#8221; module_alignment=&#8221;center&#8221; custom_margin=&#8221;|||&#8221; header_2_font_size_tablet=&#8221;66px&#8221; header_2_font_size_phone=&#8221;36px&#8221; header_2_font_size_last_edited=&#8221;on|phone&#8221; global_colors_info=&#8221;{}&#8221;]<\/p>\n<h2>K\u00fcldet\u00e9s\u00fcnk<\/h2>\n<p style=\"text-align: justify;\">C\u00e9lunk, hogy a helyi v\u00e1llalkoz\u00f3knak egy olyan magas szint\u0171 g\u00e9pj\u00e1rm\u0171 flottaszolg\u00e1ltat\u00e1st ny\u00fajtsunk, amely min\u0151s\u00e9gben nem ismer megalkuv\u00e1st, viszont a b\u00e9rleti d\u00edjak ter\u00e9n felveszi a versenyt a nagy flottakezel\u0151c\u00e9gek \u00e1rpolitik\u00e1j\u00e1val. Sz\u00e1munkra ugyanolyan fontos egy egyszem\u00e9lyes v\u00e1llalkoz\u00e1s g\u00e9pkocsij\u00e1nak flottakezel\u00e9se, mint a t\u00e9rs\u00e9g legmaghat\u00e1roz\u00f3bb piaci szerepl\u0151i aut\u00f3parkj\u00e1nak flotta\u00fczemeltet\u00e9se. Ismerj\u00fck a helyi piacot, a helyi ig\u00e9nyeket, ezzel is szeretn\u00e9nk hozz\u00e1j\u00e1rulni a Veszpr\u00e9m-Balaton r\u00e9gi\u00f3 gazdas\u00e1gi fejl\u0151d\u00e9s\u00e9hez.<\/p>\n<p>&nbsp;<\/p>\n<p>[\/et_pb_text][\/et_pb_column][\/et_pb_row][\/et_pb_section][et_pb_section fb_built=&#8221;1&#8243; _builder_version=&#8221;4.27.4&#8243; _module_preset=&#8221;default&#8221; global_colors_info=&#8221;{}&#8221;][et_pb_row _builder_version=&#8221;4.16&#8243; _module_preset=&#8221;default&#8221; global_colors_info=&#8221;{}&#8221;][et_pb_column type=&#8221;4_4&#8243; _builder_version=&#8221;4.16&#8243; _module_preset=&#8221;default&#8221; global_colors_info=&#8221;{}&#8221;][\/et_pb_column][\/et_pb_row][\/et_pb_section]<\/p>\n","protected":false},"excerpt":{"rendered":"<p>R\u00f3lunkT\u00f6rt\u00e9net\u00fcnk C\u00e9g\u00fcnk, a Piedl Kft. 2001 \u00f3ta l\u00e1tja el a Skoda m\u00e1rka k\u00e9pviselet\u00e9t a Veszpr\u00e9m-Balaton r\u00e9gi\u00f3ban. Keresked\u00e9s\u00fcnk az \u00faj Skoda g\u00e9pkocsik \u00e9rt\u00e9kes\u00edt\u00e9se mellett Das Welauto (pr\u00e9mium min\u0151s\u00e9g\u0171) haszn\u00e1ltaut\u00f3k \u00e9rt\u00e9kes\u00edt\u00e9s\u00e9vel is foglalkozik, tov\u00e1bb\u00e1 &#8211; a Skoda m\u00e1rk\u00e1n k\u00edv\u00fcl &#8211; Volkswagen, Seat\/Cupra \u00e9s VW-haszong\u00e9pj\u00e1rm\u0171 m\u00e1rkaszerviz jogosults\u00e1ggal is rendelkezik. Ezen k\u00edv\u00fcl m\u00e1rk\u00e1t\u00f3l f\u00fcggetlen\u00fcl v\u00e1llaljuk b\u00e1rmilyen t\u00edpus\u00fa aut\u00f3 szakszervizel\u00e9s\u00e9t, [&hellip;]<\/p>\n","protected":false},"author":1,"featured_media":0,"parent":0,"menu_order":0,"comment_status":"closed","ping_status":"closed","template":"","meta":{"_et_pb_use_builder":"on","_et_pb_old_content":"","_et_gb_content_width":"","footnotes":""},"class_list":["post-68","page","type-page","status-publish","hentry"],"yoast_head":"<!-- This site is optimized with the Yoast SEO plugin v27.5 - https:\/\/yoast.com\/product\/yoast-seo-wordpress\/ -->\n<title>R\u00f3lunk - Piedl Flotta<\/title>\n<meta name=\"robots\" content=\"index, follow, max-snippet:-1, max-image-preview:large, max-video-preview:-1\" \/>\n<link rel=\"canonical\" href=\"https:\/\/piedlflotta.hu\/index.php\/rolunk\/\" \/>\n<meta property=\"og:locale\" content=\"hu_HU\" \/>\n<meta property=\"og:type\" content=\"article\" \/>\n<meta property=\"og:title\" content=\"R\u00f3lunk - Piedl Flotta\" \/>\n<meta property=\"og:description\" content=\"R\u00f3lunkT\u00f6rt\u00e9net\u00fcnk C\u00e9g\u00fcnk, a Piedl Kft. 2001 \u00f3ta l\u00e1tja el a Skoda m\u00e1rka k\u00e9pviselet\u00e9t a Veszpr\u00e9m-Balaton r\u00e9gi\u00f3ban. Keresked\u00e9s\u00fcnk az \u00faj Skoda g\u00e9pkocsik \u00e9rt\u00e9kes\u00edt\u00e9se mellett Das Welauto (pr\u00e9mium min\u0151s\u00e9g\u0171) haszn\u00e1ltaut\u00f3k \u00e9rt\u00e9kes\u00edt\u00e9s\u00e9vel is foglalkozik, tov\u00e1bb\u00e1 - a Skoda m\u00e1rk\u00e1n k\u00edv\u00fcl - Volkswagen, Seat\/Cupra \u00e9s VW-haszong\u00e9pj\u00e1rm\u0171 m\u00e1rkaszerviz jogosults\u00e1ggal is rendelkezik. Ezen k\u00edv\u00fcl m\u00e1rk\u00e1t\u00f3l f\u00fcggetlen\u00fcl v\u00e1llaljuk b\u00e1rmilyen t\u00edpus\u00fa aut\u00f3 szakszervizel\u00e9s\u00e9t, [&hellip;]\" \/>\n<meta property=\"og:url\" content=\"https:\/\/piedlflotta.hu\/index.php\/rolunk\/\" \/>\n<meta property=\"og:site_name\" content=\"Piedl Flotta\" \/>\n<meta property=\"article:modified_time\" content=\"2025-03-31T06:52:08+00:00\" \/>\n<meta name=\"twitter:card\" content=\"summary_large_image\" \/>\n<meta name=\"twitter:label1\" content=\"Becs\u00fclt olvas\u00e1si id\u0151\" \/>\n\t<meta name=\"twitter:data1\" content=\"2 perc\" \/>\n<script type=\"application\/ld+json\" class=\"yoast-schema-graph\">{\"@context\":\"https:\\\/\\\/schema.org\",\"@graph\":[{\"@type\":\"WebPage\",\"@id\":\"https:\\\/\\\/piedlflotta.hu\\\/index.php\\\/rolunk\\\/\",\"url\":\"https:\\\/\\\/piedlflotta.hu\\\/index.php\\\/rolunk\\\/\",\"name\":\"R\u00f3lunk - Piedl Flotta\",\"isPartOf\":{\"@id\":\"https:\\\/\\\/piedlflotta.hu\\\/#website\"},\"datePublished\":\"2022-03-06T13:25:35+00:00\",\"dateModified\":\"2025-03-31T06:52:08+00:00\",\"breadcrumb\":{\"@id\":\"https:\\\/\\\/piedlflotta.hu\\\/index.php\\\/rolunk\\\/#breadcrumb\"},\"inLanguage\":\"hu\",\"potentialAction\":[{\"@type\":\"ReadAction\",\"target\":[\"https:\\\/\\\/piedlflotta.hu\\\/index.php\\\/rolunk\\\/\"]}]},{\"@type\":\"BreadcrumbList\",\"@id\":\"https:\\\/\\\/piedlflotta.hu\\\/index.php\\\/rolunk\\\/#breadcrumb\",\"itemListElement\":[{\"@type\":\"ListItem\",\"position\":1,\"name\":\"Kezd\u0151lap\",\"item\":\"https:\\\/\\\/piedlflotta.hu\\\/\"},{\"@type\":\"ListItem\",\"position\":2,\"name\":\"R\u00f3lunk\"}]},{\"@type\":\"WebSite\",\"@id\":\"https:\\\/\\\/piedlflotta.hu\\\/#website\",\"url\":\"https:\\\/\\\/piedlflotta.hu\\\/\",\"name\":\"Piedl Flotta\",\"description\":\"Rent a Car\",\"potentialAction\":[{\"@type\":\"SearchAction\",\"target\":{\"@type\":\"EntryPoint\",\"urlTemplate\":\"https:\\\/\\\/piedlflotta.hu\\\/?s={search_term_string}\"},\"query-input\":{\"@type\":\"PropertyValueSpecification\",\"valueRequired\":true,\"valueName\":\"search_term_string\"}}],\"inLanguage\":\"hu\"}]}<\/script>\n<!-- \/ Yoast SEO plugin. -->","yoast_head_json":{"title":"R\u00f3lunk - Piedl Flotta","robots":{"index":"index","follow":"follow","max-snippet":"max-snippet:-1","max-image-preview":"max-image-preview:large","max-video-preview":"max-video-preview:-1"},"canonical":"https:\/\/piedlflotta.hu\/index.php\/rolunk\/","og_locale":"hu_HU","og_type":"article","og_title":"R\u00f3lunk - Piedl Flotta","og_description":"R\u00f3lunkT\u00f6rt\u00e9net\u00fcnk C\u00e9g\u00fcnk, a Piedl Kft. 2001 \u00f3ta l\u00e1tja el a Skoda m\u00e1rka k\u00e9pviselet\u00e9t a Veszpr\u00e9m-Balaton r\u00e9gi\u00f3ban. Keresked\u00e9s\u00fcnk az \u00faj Skoda g\u00e9pkocsik \u00e9rt\u00e9kes\u00edt\u00e9se mellett Das Welauto (pr\u00e9mium min\u0151s\u00e9g\u0171) haszn\u00e1ltaut\u00f3k \u00e9rt\u00e9kes\u00edt\u00e9s\u00e9vel is foglalkozik, tov\u00e1bb\u00e1 - a Skoda m\u00e1rk\u00e1n k\u00edv\u00fcl - Volkswagen, Seat\/Cupra \u00e9s VW-haszong\u00e9pj\u00e1rm\u0171 m\u00e1rkaszerviz jogosults\u00e1ggal is rendelkezik. Ezen k\u00edv\u00fcl m\u00e1rk\u00e1t\u00f3l f\u00fcggetlen\u00fcl v\u00e1llaljuk b\u00e1rmilyen t\u00edpus\u00fa aut\u00f3 szakszervizel\u00e9s\u00e9t, [&hellip;]","og_url":"https:\/\/piedlflotta.hu\/index.php\/rolunk\/","og_site_name":"Piedl Flotta","article_modified_time":"2025-03-31T06:52:08+00:00","twitter_card":"summary_large_image","twitter_misc":{"Becs\u00fclt olvas\u00e1si id\u0151":"2 perc"},"schema":{"@context":"https:\/\/schema.org","@graph":[{"@type":"WebPage","@id":"https:\/\/piedlflotta.hu\/index.php\/rolunk\/","url":"https:\/\/piedlflotta.hu\/index.php\/rolunk\/","name":"R\u00f3lunk - Piedl Flotta","isPartOf":{"@id":"https:\/\/piedlflotta.hu\/#website"},"datePublished":"2022-03-06T13:25:35+00:00","dateModified":"2025-03-31T06:52:08+00:00","breadcrumb":{"@id":"https:\/\/piedlflotta.hu\/index.php\/rolunk\/#breadcrumb"},"inLanguage":"hu","potentialAction":[{"@type":"ReadAction","target":["https:\/\/piedlflotta.hu\/index.php\/rolunk\/"]}]},{"@type":"BreadcrumbList","@id":"https:\/\/piedlflotta.hu\/index.php\/rolunk\/#breadcrumb","itemListElement":[{"@type":"ListItem","position":1,"name":"Kezd\u0151lap","item":"https:\/\/piedlflotta.hu\/"},{"@type":"ListItem","position":2,"name":"R\u00f3lunk"}]},{"@type":"WebSite","@id":"https:\/\/piedlflotta.hu\/#website","url":"https:\/\/piedlflotta.hu\/","name":"Piedl Flotta","description":"Rent a Car","potentialAction":[{"@type":"SearchAction","target":{"@type":"EntryPoint","urlTemplate":"https:\/\/piedlflotta.hu\/?s={search_term_string}"},"query-input":{"@type":"PropertyValueSpecification","valueRequired":true,"valueName":"search_term_string"}}],"inLanguage":"hu"}]}},"_links":{"self":[{"href":"https:\/\/piedlflotta.hu\/index.php\/wp-json\/wp\/v2\/pages\/68","targetHints":{"allow":["GET"]}}],"collection":[{"href":"https:\/\/piedlflotta.hu\/index.php\/wp-json\/wp\/v2\/pages"}],"about":[{"href":"https:\/\/piedlflotta.hu\/index.php\/wp-json\/wp\/v2\/types\/page"}],"author":[{"embeddable":true,"href":"https:\/\/piedlflotta.hu\/index.php\/wp-json\/wp\/v2\/users\/1"}],"replies":[{"embeddable":true,"href":"https:\/\/piedlflotta.hu\/index.php\/wp-json\/wp\/v2\/comments?post=68"}],"version-history":[{"count":12,"href":"https:\/\/piedlflotta.hu\/index.php\/wp-json\/wp\/v2\/pages\/68\/revisions"}],"predecessor-version":[{"id":638,"href":"https:\/\/piedlflotta.hu\/index.php\/wp-json\/wp\/v2\/pages\/68\/revisions\/638"}],"wp:attachment":[{"href":"https:\/\/piedlflotta.hu\/index.php\/wp-json\/wp\/v2\/media?parent=68"}],"curies":[{"name":"wp","href":"https:\/\/api.w.org\/{rel}","templated":true}]}}