{"id":168,"date":"2022-03-12T21:25:44","date_gmt":"2022-03-12T21:25:44","guid":{"rendered":"https:\/\/piedlflotta.hu\/?page_id=168"},"modified":"2022-03-12T21:28:17","modified_gmt":"2022-03-12T21:28:17","slug":"168-2","status":"publish","type":"page","link":"https:\/\/piedlflotta.hu\/index.php\/168-2\/","title":{"rendered":"Adatv\u00e9delmi t\u00e1j\u00e9koztat\u00f3"},"content":{"rendered":"<p>[et_pb_section fb_built=&#8221;1&#8243; custom_padding_last_edited=&#8221;on|tablet&#8221; admin_label=&#8221;Hero&#8221; _builder_version=&#8221;4.14.8&#8243; use_background_color_gradient=&#8221;on&#8221; background_color_gradient_start=&#8221;rgba(27,31,37,0)&#8221; background_color_gradient_end=&#8221;#1b1f25&#8243; background_color_gradient_overlays_image=&#8221;on&#8221; background_image=&#8221;https:\/\/piedlflotta.hu\/wp-content\/uploads\/2022\/03\/oc_0029-min-scaled.jpg&#8221; custom_margin=&#8221;0px|||&#8221; custom_padding=&#8221;0px|10%|0px|10%|true|true&#8221; custom_padding_tablet=&#8221;|30px||30px||true&#8221; custom_padding_phone=&#8221;|||||true&#8221; hover_enabled=&#8221;0&#8243; locked=&#8221;off&#8221; global_colors_info=&#8221;{}&#8221; theme_builder_area=&#8221;post_content&#8221; title_text=&#8221;oc_0029-min&#8221; sticky_enabled=&#8221;0&#8243;][et_pb_row column_structure=&#8221;2_3,1_3&#8243; padding_top_bottom_link_1=&#8221;true&#8221; padding_left_right_link_1=&#8221;true&#8221; _builder_version=&#8221;3.25&#8243; background_size=&#8221;initial&#8221; background_position=&#8221;top_left&#8221; width=&#8221;100%&#8221; max_width=&#8221;100%&#8221; custom_margin=&#8221;|||&#8221; custom_padding=&#8221;0||0px||false|false&#8221; use_custom_width=&#8221;on&#8221; width_unit=&#8221;off&#8221; custom_width_percent=&#8221;100%&#8221; global_colors_info=&#8221;{}&#8221; theme_builder_area=&#8221;post_content&#8221;][et_pb_column type=&#8221;2_3&#8243; _builder_version=&#8221;3.25&#8243; use_background_color_gradient=&#8221;on&#8221; background_color_gradient_start=&#8221;rgba(0,0,0,0.12)&#8221; background_color_gradient_end=&#8221;rgba(255,255,255,0)&#8221; custom_padding=&#8221;12vw|40px|12vw|40px&#8221; custom_padding_tablet=&#8221;|||&#8221; custom_padding_phone=&#8221;|10px||10px||true&#8221; custom_padding_last_edited=&#8221;on|desktop&#8221; global_colors_info=&#8221;{}&#8221; padding_phone=&#8221;|10px||10px||true&#8221; padding_tablet=&#8221;|||&#8221; padding_last_edited=&#8221;on|desktop&#8221; custom_padding__hover=&#8221;|||&#8221; theme_builder_area=&#8221;post_content&#8221;][et_pb_text _builder_version=&#8221;4.14.8&#8243; text_font=&#8221;Lato||||||||&#8221; text_font_size=&#8221;20px&#8221; text_line_height=&#8221;1.8em&#8221; header_font=&#8221;Teko|500||on|||||&#8221; header_font_size=&#8221;9vw&#8221; header_letter_spacing=&#8221;0.05em&#8221; header_line_height=&#8221;0.9em&#8221; background_layout=&#8221;dark&#8221; custom_margin=&#8221;|-10vw|0px|&#8221; custom_margin_tablet=&#8221;|0vw||&#8221; custom_margin_phone=&#8221;|-5vw||&#8221; custom_margin_last_edited=&#8221;on|tablet&#8221; animation_style=&#8221;zoom&#8221; animation_delay=&#8221;100ms&#8221; animation_intensity_zoom=&#8221;10%&#8221; hover_enabled=&#8221;0&#8243; header_font_size_tablet=&#8221;&#8221; header_font_size_phone=&#8221;&#8221; header_font_size_last_edited=&#8221;on|phone&#8221; header_line_height_tablet=&#8221;&#8221; header_line_height_phone=&#8221;1.2em&#8221; header_line_height_last_edited=&#8221;on|phone&#8221; header_text_shadow_style=&#8221;preset1&#8243; header_text_shadow_vertical_length=&#8221;0.18em&#8221; header_text_shadow_blur_strength=&#8221;0.27em&#8221; header_text_shadow_color=&#8221;rgba(0,0,0,0.38)&#8221; global_colors_info=&#8221;{}&#8221; theme_builder_area=&#8221;post_content&#8221; sticky_enabled=&#8221;0&#8243;]<\/p>\n<h1 style=\"text-align: left;\">\u00c1LTAL\u00c1NOS ADATV\u00c9DELMI \u00c9S ADATKEZEL\u00c9SI T\u00c1J\u00c9KOZTAT\u00d3<\/h1>\n<p>[\/et_pb_text][\/et_pb_column][et_pb_column type=&#8221;1_3&#8243; _builder_version=&#8221;3.25&#8243; custom_padding=&#8221;|||&#8221; global_colors_info=&#8221;{}&#8221; custom_padding__hover=&#8221;|||&#8221; theme_builder_area=&#8221;post_content&#8221;][\/et_pb_column][\/et_pb_row][\/et_pb_section][et_pb_section fb_built=&#8221;1&#8243; theme_builder_area=&#8221;post_content&#8221; _builder_version=&#8221;4.14.8&#8243; _module_preset=&#8221;default&#8221; hover_enabled=&#8221;0&#8243; sticky_enabled=&#8221;0&#8243;][et_pb_row _builder_version=&#8221;4.14.8&#8243; _module_preset=&#8221;default&#8221; theme_builder_area=&#8221;post_content&#8221;][et_pb_column _builder_version=&#8221;4.14.8&#8243; _module_preset=&#8221;default&#8221; type=&#8221;4_4&#8243; theme_builder_area=&#8221;post_content&#8221;][et_pb_text _builder_version=&#8221;4.14.8&#8243; _module_preset=&#8221;default&#8221; theme_builder_area=&#8221;post_content&#8221; hover_enabled=&#8221;0&#8243; sticky_enabled=&#8221;0&#8243;]<\/p>\n<div class=\"element active\" style=\"text-align: justify;\"><\/div>\n<div class=\"tab-content\">\n<div class=\"data_privacy\">\n<p style=\"text-align: justify;\"><strong>\u00c1LTAL\u00c1NOS ADATV\u00c9DELMI \u00c9S ADATKEZEL\u00c9SI T\u00c1J\u00c9KOZTAT\u00d3<\/strong><\/p>\n<p style=\"text-align: justify;\">(VOLKSWAGEN KONSZERNHEZ TARTOZ\u00d3 M\u00c1RK\u00c1K)<\/p>\n<p style=\"text-align: justify;\">\u00d6r\u00f6mmel vessz\u00fck \u00e9rdekl\u0151d\u00e9s\u00e9t v\u00e1llalatunk \u00e9s az \u00e1ltalunk forgalmazott, Volkswagen Konszernhez tartoz\u00f3 m\u00e1rk\u00e1k ir\u00e1nt. Sz\u00e1munkra nagyon fontos az \u00d6n szem\u00e9lyes adatainak v\u00e9delme, ez\u00e9rt az al\u00e1bbiakban r\u00e9szletesen t\u00e1j\u00e9koztatjuk az \u00e1ltalunk folytatott adatkezel\u00e9sr\u0151l. Piedl Kft. a szem\u00e9lyes adatok felhaszn\u00e1l\u00e1sa \u00e9s kezel\u00e9se sor\u00e1n szigor\u00faan betartja a hat\u00e1lyos adatv\u00e9delmi rendelkez\u00e9seket. Szem\u00e9lyes adatokat csak a mindenkor hat\u00e1lyos adatv\u00e9delmi jogszab\u00e1lyoknak megfelel\u0151en kezel\u00fcnk; a szem\u00e9lyes \u00e9s anonim adatok felhaszn\u00e1l\u00e1s\u00e1nak joga a vonatkoz\u00f3 eur\u00f3pai uni\u00f3s \u00e9s magyar jogszab\u00e1lyok \u00e1ltal megengedett m\u00e9rt\u00e9kben megilleti a Piedl Kft., az \u00d6n al\u00e1bb le\u00edrt jogainak a fenntart\u00e1sa mellett.<\/p>\n<p style=\"text-align: justify;\">Ez az adatv\u00e9delmi \u00e9s adatkezel\u00e9si t\u00e1j\u00e9koztat\u00f3 (a \u201eT\u00e1j\u00e9koztat\u00f3\u201d) r\u00e9szletesen le\u00edrja az \u00d6n jogait adatkezel\u00e9ssel kapcsolatos jogait, v\u00e1laszt\u00e1si lehet\u0151s\u00e9geit, valamint Piedl Kft. adatv\u00e9delemmel kapcsolatos k\u00f6teless\u00e9geit \u00e9s int\u00e9zked\u00e9seit, illetve az adatkezel\u00e9ssel kapcsolatos k\u00f6teless\u00e9geit \u00e9s jogait.<\/p>\n<p style=\"text-align: justify;\">Amikor \u00d6n kapcsolatba l\u00e9p vel\u00fcnk, tudom\u00e1sul veszi, hogy a kapcsolatfelv\u00e9tel jelleg\u00e9hez igazod\u00f3an bizonyos szem\u00e9lyes adatait kezelni fogjuk a jelen T\u00e1j\u00e9koztat\u00f3 szerint.<\/p>\n<p style=\"text-align: justify;\">Amennyiben honlapunkat haszn\u00e1lja, felh\u00edvjuk a figyelm\u00e9t, hogy ez a T\u00e1j\u00e9koztat\u00f3 csak a <a class=\"web liame\" href=\"https:\/\/www.autopiedl.hu\">www.autopiedl.hu<\/a> honlapra \u00e9s az azzal \u00f6sszef\u00fcgg\u0151 aloldalakra vonatkozik, de nem vonatkozik harmadik felek \u00e1ltal ellen\u0151rz\u00f6tt \u00e9s \u00fczemeltetett honlapokra. A harmadik felek \u00e1ltal ellen\u0151rz\u00f6tt \u00e9s \u00fczemeltetett honlapok eset\u00e9ben k\u00e9rj\u00fck, ellen\u0151rizze azok adatv\u00e9delmi nyilatkozat\u00e1t, mivel ezek a honlapok nem tartoznak az ellen\u0151rz\u00e9s\u00fcnk al\u00e1, \u00e9s V\u00e1llalatunk nem felel\u0151s azok tartalm\u00e1\u00e9rt \u00e9s adatv\u00e9delmi int\u00e9zked\u00e9sei\u00e9rt.<\/p>\n<p style=\"text-align: justify;\"><strong>I. Ki lesz az adatkezel\u0151?<\/strong><\/p>\n<p style=\"text-align: justify;\">Az adatkezel\u0151 a(z) Piedl Kft., az Audi, SEAT, \u0160KODA, Volkswagen \u00e9s Volkswagen Haszonj\u00e1rm\u0171vek m\u00e1rk\u00e1j\u00fa g\u00e9pkocsik m\u00e1rkakeresked\u0151je \u00e9s m\u00e1rkaszervize, a Das WeltAuto h\u00e1l\u00f3zat tagja.<\/p>\n<p style=\"text-align: justify;\">El\u00e9rhet\u0151s\u00e9geink a k\u00f6vetkez\u0151k:<br \/>c\u00edm: 8200 Veszpr\u00e9m, Gladsaxe u.4.<br \/>e-mail c\u00edm: skoda@autopiedl.hu<\/p>\n<p style=\"text-align: justify;\">Adatkezel\u0151 kapcsolattart\u00f3ja: Bed\u0151 Zolt\u00e1n,\u00a0email c\u00edm: zbedo@autopiedl.hu, telefon: <a href=\"tel:+3688576500\">+36 88 576-500<\/a><\/p>\n<p style=\"text-align: justify;\">Felh\u00edvjuk sz\u00edves figyelm\u00e9t, hogy v\u00e1llalatunk mellett az al\u00e1bbiakban le\u00edrt esetekben a g\u00e9pj\u00e1rm\u0171 gy\u00e1rt\u00f3ja \u00e9s a g\u00e9pj\u00e1rm\u0171 magyarorsz\u00e1gi nagykeresked\u0151je, a Porsche Hungaria Kft. is kezelni fogja az \u00d6n szem\u00e9lyes adatait.<\/p>\n<p style=\"text-align: justify;\">A Porsche Hungaria el\u00e9rhet\u0151s\u00e9gei az al\u00e1bbiak:<br \/>C\u00edm: 1139 Budapest, F\u00e1y u. 27.<\/p>\n<p style=\"text-align: justify;\">Adatkezel\u0151 kapcsolattart\u00f3ja: Dr\u00e1vecz Szil\u00e1rd (email c\u00edm: \u00a0<a href=\"mailto:adatvedelem(kwfat)porsche(kwfdot)hu\">adatvedelem@porsche.hu<\/a>, telefon: +36 1 4515 159).<br \/>A Porsche Hungaria Kft. adatkezel\u00e9si t\u00e1j\u00e9koztat\u00f3ja el\u00e9rhet\u0151 a <a href=\"https:\/\/www.porschehungaria.hu\/\">https:\/\/www.porschehungaria.hu\/<\/a> weboldalon.<\/p>\n<p style=\"text-align: justify;\"><strong>II. Mit jelentenek az adatv\u00e9delemmel \u00e9s adatkezel\u00e9ssel kapcsolatos alapvet\u0151 fogalmak?<\/strong><\/p>\n<p style=\"text-align: justify;\">Szem\u00e9lyes adat b\u00e1rmely adat vagy inform\u00e1ci\u00f3, amely alapj\u00e1n \u00f6n\u00e1ll\u00f3an vagy m\u00e1s adatokkal, inform\u00e1ci\u00f3kkal egy\u00fctt k\u00f6zvetlen\u00fcl vagy k\u00f6zvetve azonos\u00edthat\u00f3 egy konkr\u00e9t szem\u00e9ly.<\/p>\n<p style=\"text-align: justify;\">Az \u00d6n szem\u00e9lyes adatai els\u0151sorban a neve, lakc\u00edme, sz\u00fclet\u00e9si helye \u00e9s ideje, anyja neve, szem\u00e9lyi okm\u00e1nyainak sz\u00e1ma \u2013 ezek az \u00fan. szem\u00e9lyazonos\u00edt\u00f3 adatok. Ugyanakkor b\u00e1rmely m\u00e1s adat, amely a fenti adatok valamelyik\u00e9vel egy\u00fctt, annak ismeret\u00e9ben alkalmas arra, hogy \u00d6nt azonos\u00edtsa, szint\u00e9n szem\u00e9lyes adatnak min\u0151s\u00fcl. Ilyenek lehet p\u00e9ld\u00e1ul g\u00e9pj\u00e1rm\u0171v\u00e9nek adatai is.<\/p>\n<p style=\"text-align: justify;\">A szem\u00e9lyes adatok k\u00f6z\u00fcl vannak olyanok, amelyek k\u00fcl\u00f6nleges v\u00e9detts\u00e9get \u00e9veznek, p\u00e9ld\u00e1ul az eg\u00e9szs\u00e9g\u00fcgyi adatok. K\u00fcl\u00f6nleges szem\u00e9lyes adatokat a Porsche Hungaria Kft. nem kezel.<\/p>\n<p style=\"text-align: justify;\">Adatkezel\u00e9snek min\u0151s\u00fcl a szem\u00e9lyes adatokkal v\u00e9gzett b\u00e1rmely m\u0171velet, p\u00e9ld\u00e1ul az adatok gy\u0171jt\u00e9se, t\u00e1rol\u00e1sa, felhaszn\u00e1l\u00e1sa, rendszerez\u00e9se, tov\u00e1bb\u00edt\u00e1sa, m\u00f3dos\u00edt\u00e1sa, m\u00e1s adatokkal val\u00f3 \u00f6sszekapcsol\u00e1sa, t\u00f6rl\u00e9se, megsemmis\u00edt\u00e9se.<\/p>\n<p style=\"text-align: justify;\"><strong>III. Melyek az \u00d6n adatkezel\u00e9ssel kapcsolatos jogai?<\/strong><\/p>\n<p style=\"text-align: justify;\">Az \u00e9rintett b\u00e1rmikor jogosult:<\/p>\n<ol style=\"text-align: justify;\">\n<li>t\u00e1j\u00e9koztat\u00e1st k\u00e9rni szem\u00e9lyes adatai kezel\u00e9s\u00e9r\u0151l,<\/li>\n<li>k\u00e9rni szem\u00e9lyes adatai helyesb\u00edt\u00e9s\u00e9t,<\/li>\n<li>k\u00e9rni szem\u00e9lyes adatai kezel\u00e9s\u00e9nek korl\u00e1toz\u00e1s\u00e1t (visszavonni hozz\u00e1j\u00e1rul\u00e1s\u00e1t egyes adatkezel\u00e9sekhez vagy az ig\u00e9nyelt kapcsolattart\u00e1si form\u00e1t megv\u00e1ltoztatni),<\/li>\n<li>k\u00e9rni szem\u00e9lyes adatai t\u00f6rl\u00e9s\u00e9t (teljes eg\u00e9sz\u00e9ben visszavonni adatkezel\u00e9si hozz\u00e1j\u00e1rul\u00e1s\u00e1t),<\/li>\n<li>k\u00e9rni szem\u00e9lyes adatai m\u00e1s adatkezel\u0151 szem\u00e9lyhez val\u00f3 tov\u00e1bb\u00edt\u00e1s\u00e1t (adathordozhat\u00f3s\u00e1g).<\/li>\n<\/ol>\n<p style=\"text-align: justify;\">Az \u00e9rintett V\u00e1llalatunk kapcsolattart\u00f3j\u00e1hoz int\u00e9zett, a kapcsolattart\u00f3 I. pontban megjel\u00f6lt el\u00e9rhet\u0151s\u00e9geire k\u00fcld\u00f6tt nyilatkozattal gyakorolhatja az el\u0151bbiekben felsorolt jogait.<\/p>\n<p style=\"text-align: justify;\">Az \u00e9rintett t\u00e1j\u00e9koztat\u00e1st k\u00e9rhet V\u00e1llalatunkt\u00f3l a szem\u00e9lyes adatai kezel\u00e9s\u00e9r\u0151l. V\u00e1llalatunk a megkeres\u00e9sre 30 napon bel\u00fcl, \u00edr\u00e1sban v\u00e1laszol. A t\u00e1j\u00e9koztat\u00e1s ingyenes, ha a k\u00e9relmez\u0151 m\u00e9g nem ny\u00fajtott be V\u00e1llalatunkhoz azonos ter\u00fcletre vonatkoz\u00f3 t\u00e1j\u00e9koztat\u00e1si k\u00e9relmet a foly\u00f3 \u00e9vben. Ellenkez\u0151 esetben a t\u00e1j\u00e9koztat\u00e1s a felmer\u00fcl\u0151 k\u00f6lts\u00e9gek megt\u00e9r\u00edt\u00e9se ellen\u00e9ben t\u00f6rt\u00e9nik.<\/p>\n<p style=\"text-align: justify;\">Az \u00e9rintett k\u00e9relmezheti V\u00e1llalatunkn\u00e1l az \u00e1ltala kezelt adatai helyesb\u00edt\u00e9s\u00e9t, megjel\u00f6lve a helyes adatokat. V\u00e1llalatunk a helyesb\u00edt\u00e9st elv\u00e9gzi nyilv\u00e1ntart\u00e1saiban, \u00e9s ennek megt\u00f6rt\u00e9nt\u00e9r\u0151l \u00e9rtes\u00edti az \u00e9rintettet.<\/p>\n<p style=\"text-align: justify;\">Az \u00e9rintett b\u00e1rmikor korl\u00e1toz\u00e1s \u00e9s d\u00edjfizet\u00e9si k\u00f6telezetts\u00e9g n\u00e9lk\u00fcl \u00edr\u00e1sban r\u00e9szben vagy eg\u00e9sz\u00e9ben visszavonhatja a m\u00e1r megadott adatkezel\u00e9si hozz\u00e1j\u00e1rul\u00e1s\u00e1t, indokl\u00e1s n\u00e9lk\u00fcl. V\u00e1llalatunk a hozz\u00e1j\u00e1rul\u00e1s visszavon\u00e1s\u00e1r\u00f3l t\u00f6rt\u00e9nt \u00e9rtes\u00edt\u00e9s\u00e9t k\u00f6vet\u0151en halad\u00e9ktalanul gondoskodik az adatkezel\u00e9s megsz\u00fcntet\u00e9s\u00e9r\u0151l, v\u00e9glegesen t\u00f6rli nyilv\u00e1ntart\u00e1s\u00e1b\u00f3l a visszavon\u00e1ssal \u00e9rintett szem\u00e9lyes adatokat, felh\u00edvja a t\u00f6rl\u00e9sre az adatfeldolgoz\u00f3t \u00e9s az esetleges adattov\u00e1bb\u00edt\u00e1ssal \u00e9rintett szem\u00e9lyeket, eleget tesz t\u00f6rv\u00e9nyes nyilv\u00e1ntart\u00e1si k\u00f6telezetts\u00e9g\u00e9nek. Ez al\u00f3l kiv\u00e9telt k\u00e9peznek azok a szem\u00e9lyes adatok, amelyeket a fentiek szerint V\u00e1llalatunk a r\u00e1 vonatkoz\u00f3 jogi k\u00f6telezetts\u00e9g teljes\u00edt\u00e9se c\u00e9lj\u00e1b\u00f3l vagy \u00e9rdekm\u00e9rlegel\u00e9s \u00fatj\u00e1n meg\u00e1llap\u00edtott jogos \u00e9rdekb\u0151l tov\u00e1bbi k\u00fcl\u00f6n hozz\u00e1j\u00e1rul\u00e1s n\u00e9lk\u00fcl, valamint az \u00e9rintett hozz\u00e1j\u00e1rul\u00e1s\u00e1nak visszavon\u00e1s\u00e1t k\u00f6vet\u0151en is kezelhet.<\/p>\n<p style=\"text-align: justify;\">Az \u00e9rintett \u00edr\u00e1sban vagy m\u00e1s m\u00f3don k\u00e9rheti V\u00e1llalatunkt\u00f3l, hogy a V\u00e1llalatunk \u00e1ltal kezelt adatait az \u00e9rintett \u00e1ltal megjel\u00f6lt harmadik f\u00e9l adatkezel\u0151h\u00f6z tov\u00e1bb\u00edtsa (adathordozhat\u00f3s\u00e1g). V\u00e1llalatunk a k\u00e9relemt\u0151l sz\u00e1m\u00edtott 30 napon bel\u00fcl tov\u00e1bb\u00edtja az adatokat, a tov\u00e1bb\u00edtott adatokat egyben nyilv\u00e1ntart\u00e1s\u00e1b\u00f3l t\u00f6rli, \u00e9s err\u0151l az \u00e9rintettet \u00e9rtes\u00edti.<\/p>\n<p style=\"text-align: justify;\"><strong>IV. Mit tegyen, ha panasza van?<\/strong><\/p>\n<p style=\"text-align: justify;\">Az \u00e9rintett b\u00e1rmikor panasszal \u00e9lhet az adatkezel\u00e9ssel kapcsolatban V\u00e1llalatunk adatv\u00e9delmi kapcsolattart\u00f3j\u00e1n\u00e1l. V\u00e1llalatunk adatv\u00e9delmi kapcsolattart\u00f3j\u00e1nak el\u00e9rhet\u0151s\u00e9geit a T\u00e1j\u00e9koztat\u00f3 I. pontj\u00e1ban tal\u00e1lja. Az adatv\u00e9delmi kapcsolattart\u00f3 a panasz be\u00e9rkez\u00e9s\u00e9t\u0151l sz\u00e1m\u00edtott 30 napon bel\u00fcl kivizsg\u00e1lja a hozz\u00e1 \u00e9rkezett panaszokat, sz\u00fcks\u00e9g szerint int\u00e9zkedik, \u00e9s a kivizsg\u00e1l\u00e1s eredm\u00e9ny\u00e9r\u0151l \u00e9s megtett int\u00e9zked\u00e9sekr\u0151l \u00e9rtes\u00edti az \u00e9rintettet.<\/p>\n<p style=\"text-align: justify;\">Amennyiben az \u00e9rintett nem \u00e9rt egyet V\u00e1llalatunk vizsg\u00e1lat\u00e1nak eredm\u00e9ny\u00e9vel, int\u00e9zked\u00e9s\u00e9vel, vagy egy\u00e9bk\u00e9nt \u00fagy v\u00e9li, hogy szem\u00e9lyes adatainak kezel\u00e9s\u00e9vel \u00f6sszef\u00fcgg\u00e9sben jogs\u00e9relem \u00e9ri, a Nemzeti Adatv\u00e9delmi \u00e9s Inform\u00e1ci\u00f3szabads\u00e1g Hat\u00f3s\u00e1ghoz (postac\u00edm: 1530 Budapest, Pf.: 5.; c\u00edm: 1125\u00a0 Budapest, Szil\u00e1gyi Erzs\u00e9bet fasor 22\/c.; telefonsz\u00e1m: +36 (1) 391-1400; fax: +36 (1) 391-1410; e-mail: ugyfelszolgalat@naih.hu; web: http:\/\/naih.hu) vagy az illet\u00e9kes b\u00edr\u00f3s\u00e1ghoz fordulhat (ide\u00e9rtve az \u00d6n lak\u00f3helye szerint illet\u00e9kes t\u00f6rv\u00e9nysz\u00e9ket).<\/p>\n<p style=\"text-align: justify;\">Minden esetben javasolt a panaszt vagy megkeres\u00e9st k\u00f6zvetlen\u00fcl V\u00e1llalatunkhoz elk\u00fcldeni a fenti el\u00e9rhet\u0151s\u00e9gek valamelyik\u00e9n, hogy V\u00e1llalatunk \u00a0az esetleges probl\u00e9m\u00e1t mihamarabb orvosolhassa.<\/p>\n<p style=\"text-align: justify;\"><strong>V. Hogyan v\u00e9dj\u00fck a szem\u00e9lyes adatokat?<\/strong><\/p>\n<p style=\"text-align: justify;\">V\u00e1llalatunk megtesz minden sz\u00fcks\u00e9ges int\u00e9zked\u00e9st annak \u00e9rdek\u00e9ben, hogy biztos\u00edtsa az adatok biztons\u00e1gos, s\u00e9r\u00fcl\u00e9smentes kezel\u00e9s\u00e9t az\u00e1ltal, hogy v\u00e9di az adatok titkoss\u00e1g\u00e1t, integrit\u00e1s\u00e1t \u00e9s el\u00e9rhet\u0151s\u00e9g\u00e9t. E k\u00f6rben a titkoss\u00e1g azt jelenti, hogy csak azok a szem\u00e9lyek f\u00e9rhetnek hozz\u00e1, akik a jelen T\u00e1j\u00e9koztat\u00f3 alapj\u00e1n erre jogosultak. Az integrit\u00e1s azt jelenti, hogy a szem\u00e9lyes adatoknak pontosnak \u00e9s az adatkezel\u00e9s c\u00e9lj\u00e1ra megfelel\u0151nek kell lenni\u00fck. Az el\u00e9rhet\u0151s\u00e9g azt jelenti, hogy az erre jogosult felhaszn\u00e1l\u00f3k el\u00e9rhetik az adatokat, ha erre sz\u00fcks\u00e9g\u00fck van abb\u00f3l a c\u00e9lb\u00f3l, amelyre a felhatalmaz\u00e1suk kiterjed.<\/p>\n<p style=\"text-align: justify;\">V\u00e1llalatunk az \u00d6n adatainak v\u00e9delme \u00e9rdek\u00e9ben megfelel\u0151 m\u0171szaki \u00e9s szervez\u00e9si int\u00e9zked\u00e9seket foganatos\u00edtott, amelyek az \u00d6n adatait t\u00f6bbek k\u00f6z\u00f6tt az elveszt\u00e9s, a manipul\u00e1l\u00e1s vagy a jogosulatlan hozz\u00e1f\u00e9r\u00e9s ellen v\u00e9dik. A meghozott int\u00e9zked\u00e9seket rendszeresen ellen\u0151rizz\u00fck, \u00e9s a technika mindenkori \u00e1ll\u00e1s\u00e1nak megfelel\u0151en folyamatosan aktualiz\u00e1ljuk. Amennyiben az \u00d6n szem\u00e9lyes adatainak v\u00e9delme s\u00e9r\u00fcl, \u00e9s ez el\u0151rel\u00e1that\u00f3an jelent\u0151s kock\u00e1zatot eredm\u00e9nyez az \u00d6n jogai tekintet\u00e9ben, err\u0151l halad\u00e9ktalanul, de lehet\u0151leg 72 \u00f3r\u00e1n bel\u00fcl \u00e9rtes\u00edtj\u00fck.<\/p>\n<p style=\"text-align: justify;\">A fenti elveket V\u00e1llalatunk \u00e9s adatfeldolgoz\u00f3i akk\u00e9nt \u00e9rv\u00e9nyes\u00edtik, hogy megfelel\u0151 hardveres \u00e9s szoftveres alap\u00fa biztons\u00e1gi int\u00e9zked\u00e9seket vezetnek be (bele\u00e9rtve a fizikai bel\u00e9ptet\u0151 rendszereket, hozz\u00e1f\u00e9r\u00e9si rendszereket, z\u00e1rakat, riaszt\u00f3kat, t\u0171zfalakat stb.). Adatkezel\u0151 gondoskodik arr\u00f3l, hogy a kezelt adatokhoz illet\u00e9ktelen szem\u00e9ly ne f\u00e9rhessen hozz\u00e1, ne hozhassa nyilv\u00e1noss\u00e1gra, ne tov\u00e1bb\u00edthassa, valamint azokat ne m\u00f3dos\u00edthassa, t\u00f6r\u00f6lhesse.<\/p>\n<p style=\"text-align: justify;\">Az adatok elektronikus \u00e9s k\u00e9zi r\u00f6gz\u00edt\u00e9se, nyilv\u00e1ntart\u00e1sa, \u00e9s meg\u0151rz\u00e9se V\u00e1llalatunk, valamint az esetleges adatfeldolgoz\u00f3(k) mindenkori, vonatkoz\u00f3 szab\u00e1lyzatainak megfelel\u0151en t\u00f6rt\u00e9nik. Az ir\u00e1nyad\u00f3 szab\u00e1lyzatok tartalmazz\u00e1k az adatokhoz val\u00f3 hozz\u00e1f\u00e9r\u00e9s r\u00e9szletes el\u0151\u00edr\u00e1sait.<\/p>\n<p style=\"text-align: justify;\">V\u00e1llalatunk folyamatosan ellen\u0151rzi, karbantartja \u00e9s friss\u00edti az adatkezel\u00e9shez haszn\u00e1lt rendszereit, szoftvereit.<\/p>\n<p style=\"text-align: justify;\">FONTOS! K\u00e9rem, \u00fcgyeljen arra, hogy az \u00d6nnek \u00e1tadott vagy \u00d6nnel k\u00f6z\u00f6lt felhaszn\u00e1l\u00f3i adatok \u00e9s jelszavak biztons\u00e1gos meg\u0151rz\u00e9s\u00e9\u00e9rt \u00e9s titoktart\u00e1s\u00e1\u00e9rt \u00d6n a felel\u0151s.<\/p>\n<p style=\"text-align: justify;\"><strong>VI. Milyen adatokat gy\u0171jt\u00fcnk \u00e9s kezel\u00fcnk?<\/strong><\/p>\n<p style=\"text-align: justify;\">Szem\u00e9lyes adatokat csak a mindenkor hat\u00e1lyos adatv\u00e9delmi rendelkez\u00e9sek szerint kezel\u00fcnk. Amikor \u00d6n kapcsolatba l\u00e9p vel\u00fcnk, p\u00e9ld\u00e1ul, aj\u00e1nlatot k\u00e9r, g\u00e9pj\u00e1rm\u0171vet v\u00e1s\u00e1rol vagy szolg\u00e1ltat\u00e1st vesz ig\u00e9nybe, levelez\u00e9st folytat vel\u00fcnk vagy a honlapunkon egy formanyomtatv\u00e1nyt adatokkal kit\u00f6lt, azzal tudom\u00e1sul veszi, hogy az adott kapcsolatfelv\u00e9tel sor\u00e1n az \u00d6n \u00e1ltal megadott adatokat a jelen T\u00e1j\u00e9koztat\u00f3 VII. pontj\u00e1ban le\u00edrt c\u00e9lokb\u00f3l kezelni fogjuk.<\/p>\n<p style=\"text-align: justify;\">Amikor \u00d6n a honlapunkat felkeresi, az \u00fan. s\u00fctik (cookies) automatikusan gy\u0171jtenek szem\u00e9lyes adatokat. Err\u0151l r\u00e9szletesebben a jelen T\u00e1j\u00e9koztat\u00f3 VIII. pontja sz\u00f3l.<\/p>\n<p style=\"text-align: justify;\"><strong>VII. Mennyi ideig kezelj\u00fck, t\u00e1roljuk a szem\u00e9lyes adatokat?<\/strong><\/p>\n<p style=\"text-align: justify;\">V\u00e1llalatunk a szem\u00e9lyes adatokat csak az adatkezel\u00e9s c\u00e9lj\u00e1nak fenn\u00e1ll\u00e1sa alatt, illetve addig kezeli, am\u00edg arra valamely jogszab\u00e1ly k\u00f6telezi. Az adatkezel\u00e9s c\u00e9lj\u00e1nak megval\u00f3sul\u00e1s\u00e1val egyidej\u0171leg, vagy ha a jogszab\u00e1lyi k\u00f6telezetts\u00e9g megsz\u0171nik, illetve ha azt az \u00e9rintett k\u00e9ri, a vonatkoz\u00f3 szem\u00e9lyes adatok t\u00f6rl\u00e9sre vagy anonimiz\u00e1l\u00e1sra ker\u00fclnek. V\u00e1llalatunk fenntartja mag\u00e1nak a jogot, hogy \u2013 a szolg\u00e1ltat\u00e1s teljes\u00edt\u00e9s\u00e9hez sz\u00fcks\u00e9ges adatok kiv\u00e9tel\u00e9vel \u2013 az adatkezel\u00e9st megsz\u00fcntesse, \u00e9s az adatokat enn\u00e9l kor\u00e1bbi id\u0151pontban is t\u00f6r\u00f6lje, amennyiben az adatok kezel\u00e9se m\u00e1r nem sz\u00fcks\u00e9ges.<\/p>\n<p style=\"text-align: justify;\"><strong>VIII. Milyen harmadik szem\u00e9lynek adjuk \u00e1t a szem\u00e9lyes adatokat?<\/strong><\/p>\n<p style=\"text-align: justify;\">V\u00e1llalatunk nem tov\u00e1bb\u00edtja az \u00d6n szem\u00e9lyes adatait az Eur\u00f3pai Uni\u00f3n k\u00edv\u00fcli orsz\u00e1gokba, valamint nem adja \u00e1t a szem\u00e9lyes adatokat harmadik szem\u00e9lyeknek azok saj\u00e1t \u00fczleti c\u00e9ljaira val\u00f3 felhaszn\u00e1l\u00e1sra (p\u00e9ld\u00e1ul, adatb\u00e1ny\u00e1sz vagy direkt marketing c\u00e9gek). Ugyanakkor el\u0151fordulhat, hogy V\u00e1llalatunknak k\u00fcl\u00f6nb\u00f6z\u0151 okokb\u00f3l tov\u00e1bb\u00edtani kell az \u00d6n meghat\u00e1rozott adatait k\u00fcl\u00f6nb\u00f6z\u0151 hat\u00f3s\u00e1goknak vagy m\u00e1s adatkezel\u0151knek, illetve adatfeldolgoz\u00f3knak.<\/p>\n<p style=\"text-align: justify;\"><strong>VIII.1. Hat\u00f3s\u00e1goknak val\u00f3 \u00e1tad\u00e1s<\/strong><\/p>\n<p style=\"text-align: justify;\">V\u00e1llalatunk jogszab\u00e1lyi k\u00f6telezetts\u00e9g vagy hat\u00f3s\u00e1gi megkeres\u00e9s alapj\u00e1n k\u00f6teles lehet bizonyos adatokat \u00e1tadni az arra jogosult hat\u00f3s\u00e1goknak (p\u00e9ld\u00e1ul a rend\u0151rs\u00e9gnek). Adatv\u00e9delmi incidens eset\u00e9n, azaz amikor az \u00e1ltalunk kezelt adatok v\u00e9letlen\u00fcl vagy jogellenesen megsemmis\u00fclnek, elvesznek, megv\u00e1ltoznak, jogosulatlanul k\u00f6zlik \u0151ket harmadik szem\u00e9llyel, vagy jogosulatlanul hozz\u00e1f\u00e9r valaki, bizonyos adatoknak az adatv\u00e9delmi hat\u00f3s\u00e1g r\u00e9sz\u00e9re t\u00f6rt\u00e9n\u0151 \u00e1tad\u00e1sa v\u00e1lhat sz\u00fcks\u00e9gess\u00e9.<\/p>\n<p style=\"text-align: justify;\"><strong>VIII.2. Adat\u00e1tad\u00e1s a Porsche Hungaria Kft., a gy\u00e1rt\u00f3, a finansz\u00edroz\u00f3k \u00e9s a biztos\u00edt\u00f3k sz\u00e1m\u00e1ra<\/strong><\/p>\n<p style=\"text-align: justify;\">Amennyiben \u00d6n az \u00e1ltalunk \u00e9rt\u00e9kes\u00edtett \u00e9s a Porsche Hungaria Kft. \u00e1ltal forgalmazott Audi, Seat, Skoda, Volkswagen vagy Volkswagen Haszong\u00e9pj\u00e1rm\u0171 m\u00e1rk\u00e1j\u00fa g\u00e9pj\u00e1rm\u0171vet v\u00e1s\u00e1rol, illetve ezek karbantart\u00e1s\u00e1t \u00e9s jav\u00edt\u00e1s\u00e1t rendeli meg t\u0151l\u00fcnk, akkor a Mobilit\u00e1sgarancia, a j\u00f3t\u00e1ll\u00e1s, valamint a hib\u00e1s teljes\u00edt\u00e9s eset\u00e9n \u00d6nt megillet\u0151 tov\u00e1bbi jogok aktiv\u00e1l\u00e1sa \u00e9s \u00e9rv\u00e9nyes\u00edt\u00e9se sor\u00e1n az \u00d6n adatait \u00e1t kell adnunk a Porsche Hungaria Kft.-nek, illetve a g\u00e9pj\u00e1rm\u0171gy\u00e1rt\u00f3nak. Ebben az esetben a Porsche Hungaria Kft., illetve a g\u00e9pj\u00e1rm\u0171gy\u00e1rt\u00f3 is az \u00d6n adatainak kezel\u0151j\u00e9v\u00e9 v\u00e1lik. Minderr\u0151l az adatkezel\u00e9sr\u0151l tov\u00e1bbi inform\u00e1ci\u00f3t tal\u00e1l a jelen T\u00e1j\u00e9koztat\u00f3 VII. pontj\u00e1ban.<\/p>\n<p style=\"text-align: justify;\">\u00daj aut\u00f3 v\u00e1s\u00e1rl\u00e1sa, illetve jav\u00edt\u00e1si \u00e9s karbantart\u00e1si szolg\u00e1ltat\u00e1s ig\u00e9nybe v\u00e9tele eset\u00e9n ugyancsak \u00e1tadjuk adatait a Porsche Hungaria Kft. illetve a g\u00e9pj\u00e1rm\u0171gy\u00e1rt\u00f3 sz\u00e1m\u00e1ra annak \u00e9rdek\u00e9ben, hogy megkereshess\u00e9k \u00d6nt annak felm\u00e9r\u00e9se c\u00e9lj\u00e1b\u00f3l, hogy mennyire volt megel\u00e9gedve a g\u00e9pj\u00e1rm\u0171vel \u00e9s szolg\u00e1ltat\u00e1sainkkal. Ebben az esetben a Porsche Hungaria Kft., illetve a g\u00e9pj\u00e1rm\u0171gy\u00e1rt\u00f3 is az \u00d6n adatainak kezel\u0151j\u00e9v\u00e9 v\u00e1lik. Amennyiben a DasWeltAuto h\u00e1l\u00f3zatban v\u00e1s\u00e1rol haszn\u00e1lt aut\u00f3t, \u00fagy adatait a Porsche Hungaria Kft. r\u00e9sz\u00e9re tov\u00e1bb\u00edtjuk, a DasWeltAuto szolg\u00e1ltat\u00e1sokra vonatkoz\u00f3 el\u00e9gedetts\u00e9g\u00e9nek felm\u00e9r\u00e9se c\u00e9lj\u00e1b\u00f3l.<\/p>\n<p style=\"text-align: justify;\">Amennyiben \u00d6n r\u00e9szben vagy eg\u00e9szben banki vagy l\u00edzing finansz\u00edroz\u00e1ssal k\u00edv\u00e1n g\u00e9pj\u00e1rm\u0171vet v\u00e1s\u00e1rolni, \u00e9s ennek \u00fcgyint\u00e9z\u00e9s\u00e9t a V\u00e1llalatunkon kereszt\u00fcl kezdem\u00e9nyezi, az ehhez sz\u00fcks\u00e9ges adatait \u00e1tadjuk az \u00d6n \u00e1ltal megjel\u00f6lt finansz\u00edroz\u00f3 banknak vagy l\u00edzingc\u00e9gnek. Ebben az esetben az adott bank vagy l\u00edzingc\u00e9g is az \u00d6n adatainak kezel\u0151je lesz. T\u00e1j\u00e9koztatjuk, hogy ebben az esetben az adott bank vagy l\u00edzingc\u00e9g adatkezel\u00e9s\u00e9r\u0151l a bankt\u00f3l, illetve l\u00edzingc\u00e9gt\u0151l kaphat r\u00e9szletes t\u00e1j\u00e9koztat\u00e1st.<\/p>\n<p style=\"text-align: justify;\">Amennyiben \u00d6n a g\u00e9pj\u00e1rm\u0171v\u00e1s\u00e1rl\u00e1skor a V\u00e1llalatunkon kereszt\u00fcl k\u00edv\u00e1nja megk\u00f6tni a g\u00e9pj\u00e1rm\u0171re vonatkoz\u00f3 biztos\u00edt\u00e1sokat, V\u00e1llalatunk az \u00d6n \u00e1ltal v\u00e1lasztott biztos\u00edt\u00f3 megb\u00edzottjak\u00e9nt fog elj\u00e1rni, \u00e9s az \u00d6n adatait a biztos\u00edt\u00f3nak \u00e1t fogja adni. Ebben az esetben az adott biztos\u00edt\u00f3 az \u00d6n adatainak kezel\u0151je lesz. T\u00e1j\u00e9koztatjuk, hogy ebben az esetben a biztos\u00edt\u00f3 adatkezel\u00e9s\u00e9r\u0151l a biztos\u00edt\u00f3t\u00f3l kaphat r\u00e9szletes t\u00e1j\u00e9koztat\u00e1st.<\/p>\n<p style=\"text-align: justify;\"><strong>VIII.3. \u00c1tad\u00e1s adatfeldolgoz\u00f3knak<\/strong><\/p>\n<p style=\"text-align: justify;\">V\u00e1llalatunk a szem\u00e9lyes adatok kezel\u00e9se sor\u00e1n szakmai partnereket, \u00fan. adatfeldolgoz\u00f3kat vesz ig\u00e9nybe, amelyek V\u00e1llalatunk megb\u00edz\u00e1s\u00e1b\u00f3l tev\u00e9kenykednek. A V\u00e1llalatunk \u00e1ltal alkalmazott adatfeldolgoz\u00f3k list\u00e1j\u00e1t a jelen T\u00e1j\u00e9koztat\u00f3 v\u00e9g\u00e9n tal\u00e1lhat\u00f3 t\u00e1bl\u00e1zat felsorolja, \u00e9s Adatfeldolgoz\u00f3 ezt a list\u00e1t folyamatosan aktualiz\u00e1lja, \u00e9s honlapj\u00e1n el\u00e9rhet\u0151v\u00e9 teszi. \u00cdgy \u00d6n mindenkor ellen\u0151rizni tudja, hogy mely adatfeldolgoz\u00f3khoz ker\u00fclhetnek tov\u00e1bb\u00edt\u00e1sra szem\u00e9lyes adatai.<\/p>\n<p style=\"text-align: justify;\">Az adatfeldolgoz\u00f3 tev\u00e9kenys\u00e9g\u00e9t a megb\u00edz\u00e1snak \u00e9s a vonatkoz\u00f3 jogszab\u00e1lyi el\u0151\u00edr\u00e1soknak megfelel\u0151en k\u00f6teles folytatni. Az \u00e9rintettel szemben V\u00e1llalatunk felel az adatfeldolgoz\u00f3 \u00e1ltal okozott k\u00e1r\u00e9rt.<\/p>\n<p style=\"text-align: justify;\">Az adatfeldolgoz\u00f3 partnereket gondosan v\u00e1lasztottuk ki, akik megfelel\u0151 m\u0171szaki \u00e9s szervez\u00e9si int\u00e9zked\u00e9sekkel gondoskodnak arr\u00f3l, hogy az \u00d6n adatainak a kezel\u00e9se \u00f6sszhangban legyen az adatv\u00e9delmi el\u0151\u00edr\u00e1sokkal, \u00e9s az \u00d6n jogainak a v\u00e9delme biztos\u00edtva legyen. A partnerek az \u00e1tadott szem\u00e9lyes adatokat nem haszn\u00e1lhatj\u00e1k fel a saj\u00e1t \u00fczleti c\u00e9ljaikra, \u00e9s az adatokat nem adhatj\u00e1k \u00e1t harmadik felek r\u00e9sz\u00e9re.<\/p>\n<p style=\"text-align: justify;\">Adatfeldolgoz\u00f3 ig\u00e9nybev\u00e9tel\u00e9re egyes szerviz-tev\u00e9kenys\u00e9gek (pl. karossz\u00e9ria lakatos \u00e9s f\u00e9nyez\u0151 munk\u00e1k, a Mobilit\u00e1sgarancia szolg\u00e1ltat\u00e1sok ny\u00fajt\u00e1sa) vagy marketing akci\u00f3k lebonyol\u00edt\u00e1sa sor\u00e1n (pl. call center, marketing \u00fcgyn\u00f6ks\u00e9g) ker\u00fclhet sor. Tov\u00e1bb\u00e1, a Porsche Hungaria Kft. adatfeldolgoz\u00f3k\u00e9nt j\u00e1r el, amikor a Porsche Hungaria Kft. \u00e1ltal biztos\u00edtott IT \u00e9s marketing szolg\u00e1ltat\u00e1sok ig\u00e9nybev\u00e9tele sor\u00e1n az \u00d6n adatait \u00e1tadjuk r\u00e9sz\u00e9re, az \u00d6n magasabb szint\u0171 kiszolg\u00e1l\u00e1sa \u00e9rdek\u00e9ben.<\/p>\n<p style=\"text-align: justify;\"><strong>IX. Milyen jogszab\u00e1lyi alapja \u00e9s c\u00e9ljai vannak az adatkezel\u00e9s\u00fcnknek?<\/strong><\/p>\n<p style=\"text-align: justify;\">A szem\u00e9lyes adatok kezel\u00e9s\u00e9re csak az Eur\u00f3pai Parlament \u00e9s a Tan\u00e1cs term\u00e9szetes szem\u00e9lyeknek a szem\u00e9lyes adatok kezel\u00e9se tekintet\u00e9ben t\u00f6rt\u00e9n\u0151 v\u00e9delm\u00e9r\u0151l \u00e9s az ilyen adatok szabad \u00e1raml\u00e1s\u00e1r\u00f3l, valamint a 95\/46\/EK ir\u00e1nyelv hat\u00e1lyon k\u00edv\u00fcl helyez\u00e9s\u00e9r\u0151l sz\u00f3l\u00f3 (EU) 2016\/679 rendelete (\u00e1ltal\u00e1nos adatv\u00e9delmi rendelet) \u00e9s az inform\u00e1ci\u00f3s \u00f6nrendelkez\u00e9si jogr\u00f3l \u00e9s az inform\u00e1ci\u00f3szabads\u00e1gr\u00f3l sz\u00f3l\u00f3 2011. \u00e9vi CXII. t\u00f6rv\u00e9ny (Infotv.) szab\u00e1lyai szerint ker\u00fcl sor,<\/p>\n<ol style=\"text-align: justify;\">\n<li>a vel\u00fcnk megk\u00f6tni sz\u00e1nd\u00e9kozott szerz\u0151d\u00e9s el\u0151k\u00e9sz\u00edt\u00e9s\u00e9hez \u00e9s teljes\u00edt\u00e9s\u00e9hez kapcsol\u00f3d\u00f3an (p\u00e9ld\u00e1ul, ha \u00d6n aj\u00e1nlatot k\u00e9r vagy g\u00e9pj\u00e1rm\u0171vet v\u00e1s\u00e1rol, vagy jav\u00edt\u00e1si szolg\u00e1ltat\u00e1st k\u00edv\u00e1n ig\u00e9nybe venni);<\/li>\n<li>amennyiben V\u00e1llalatunk jogos \u00e9rdeke azt megk\u00edv\u00e1nja (p\u00e9ld\u00e1ul, szerz\u0151d\u00e9sb\u0151l vagy szerz\u0151d\u00e9sen k\u00edv\u00fcl keletkezett k\u00f6vetel\u00e9s); vagy<\/li>\n<li>ha \u00d6n az adatainak egy vagy t\u00f6bb meghat\u00e1rozott c\u00e9lb\u00f3l \u00e9s m\u00f3don val\u00f3 kezel\u00e9s\u00e9hez kifejezetten hozz\u00e1j\u00e1rult.<\/li>\n<\/ol>\n<p style=\"text-align: justify;\">A fentieken t\u00fal jogszab\u00e1ly is k\u00f6telezheti V\u00e1llalatunkat bizonyos adatok kezel\u00e9s\u00e9re, illetve meghat\u00e1rozott ideig val\u00f3 meg\u0151rz\u00e9s\u00e9re.<\/p>\n<p style=\"text-align: justify;\">A k\u00f6vetkez\u0151 pontokban a k\u00fcl\u00f6nb\u00f6z\u0151 jogszab\u00e1lyi alapon folytatott adatkezel\u00e9sek eseteit, szab\u00e1lyait, c\u00e9lj\u00e1t \u00e9s a kezelt adatok meg\u0151rz\u00e9si idej\u00e9t ismertetj\u00fck.<\/p>\n<p style=\"text-align: justify;\"><strong>IX.1. A szerz\u0151d\u00e9s el\u0151k\u00e9sz\u00edt\u00e9s\u00e9hez \u00e9s teljes\u00edt\u00e9s\u00e9hez kapcsol\u00f3d\u00f3 adatkezel\u00e9sek<\/strong><\/p>\n<p style=\"text-align: justify;\"><em>IX.1.1. Aj\u00e1nlatk\u00e9r\u00e9s, illetve \u00e1ltal\u00e1nos \u00e9rdekl\u0151d\u00e9s term\u00e9kekr\u0151l vagy szolg\u00e1ltat\u00e1sokr\u00f3l<\/em><\/p>\n<p style=\"text-align: justify;\">Amennyiben \u00d6n b\u00e1rmilyen form\u00e1ban (telefonon, e-mailen, online formanyomtatv\u00e1ny kit\u00f6lt\u00e9s\u00e9vel, vagy szem\u00e9lyesen) aj\u00e1nlatot vagy felvil\u00e1gos\u00edt\u00e1st k\u00e9r az \u00e1ltalunk forgalmazott, Volkswagen Konszernhez tartoz\u00f3 m\u00e1rk\u00e1val kapcsolatos term\u00e9kekkel vagy szolg\u00e1ltat\u00e1sokkal kapcsolatban, az aj\u00e1nlat vagy felvil\u00e1gos\u00edt\u00e1s k\u00e9r\u00e9se sor\u00e1n \u00d6n \u00e1ltal megadott adatokat fogjuk kezelni.<\/p>\n<p style=\"text-align: justify;\">Az adatkezel\u00e9s c\u00e9lja az \u00d6n megkeres\u00e9s\u00e9nek, k\u00e9r\u00e9s\u00e9nek megv\u00e1laszol\u00e1sa.<\/p>\n<p style=\"text-align: justify;\">Az adatok meg\u0151rz\u00e9s\u00e9nek id\u0151tartama: amennyiben m\u00e1s jelleg\u0171, hozz\u00e1j\u00e1rul\u00e1son alapul\u00f3 adatkezel\u00e9shez \u00d6n nem j\u00e1rult hozz\u00e1, az adatokat az aj\u00e1nlatk\u00e9r\u00e9s vagy egy\u00e9b megkeres\u00e9s kezel\u00e9s\u00e9hez sz\u00fcks\u00e9ges id\u0151tartamig, de legfeljebb 12 h\u00f3napig t\u00e1roljuk.<\/p>\n<p style=\"text-align: justify;\"><em>IX.1.2. G\u00e9pj\u00e1rm\u0171-v\u00e1s\u00e1rl\u00e1s<\/em><\/p>\n<p style=\"text-align: justify;\">Amennyiben \u00d6n g\u00e9pj\u00e1rm\u0171vet v\u00e1s\u00e1rol n\u00e1lunk, a g\u00e9pj\u00e1rm\u0171 ad\u00e1sv\u00e9teli szerz\u0151d\u00e9sben megadott adatait (n\u00e9v, lakc\u00edm, sz\u00fclet\u00e9si hely \u00e9s id\u0151, anyja neve, szem\u00e9lyi ig. sz\u00e1ma, telefonsz\u00e1m, e-mail c\u00edm), valamint a megv\u00e1s\u00e1rolt g\u00e9pj\u00e1rm\u0171 adatait kezelj\u00fck.<\/p>\n<p style=\"text-align: justify;\">Az adatkezel\u00e9s c\u00e9lja az \u00d6nnel k\u00f6t\u00f6tt szerz\u0151d\u00e9s teljes\u00edt\u00e9se, \u00e9s a sz\u00e1ml\u00e1z\u00e1s.<\/p>\n<p style=\"text-align: justify;\">Az adatok meg\u0151rz\u00e9s\u00e9nek id\u0151tartama: amennyiben m\u00e1s jelleg\u0171, hozz\u00e1j\u00e1rul\u00e1son alapul\u00f3 adatkezel\u00e9shez \u00d6n nem j\u00e1rult hozz\u00e1, az adatokat az ad\u00e1sv\u00e9teli szerz\u0151d\u00e9s teljes\u00edt\u00e9s\u00e9nek ideje alatt (ide\u00e9rtve a garancia szolg\u00e1ltat\u00e1sok \u00e9s a hib\u00e1s teljes\u00edt\u00e9s eset\u00e9n \u00d6nt megillet\u0151 jogok \u00e9rv\u00e9nyes\u00edthet\u0151s\u00e9g\u00e9nek id\u0151tartam\u00e1t), de legfeljebb 13 \u00e9vig t\u00e1roljuk.<\/p>\n<p style=\"text-align: justify;\">T\u00e1j\u00e9koztatjuk, hogy a sz\u00e1ml\u00e1t \u00e9s egy\u00e9b sz\u00e1mviteli iratokat (az azokon szerepl\u0151 adatokkal egy\u00fctt) a mindenkori sz\u00e1mviteli jogszab\u00e1lyok el\u0151\u00edr\u00e1sainak megfelel\u0151en (jelenleg legfeljebb a sz\u00e1mlakibocs\u00e1t\u00e1s \u00fczleti \u00e9v\u00e9nek utols\u00f3 napj\u00e1t\u00f3l sz\u00e1m\u00edtott nyolcadik \u00e9v v\u00e9g\u00e9ig) k\u00f6telesek vagyunk meg\u0151rizni.<\/p>\n<p style=\"text-align: justify;\">Haszn\u00e1lt g\u00e9pj\u00e1rm\u0171 v\u00e1s\u00e1rl\u00e1sa eset\u00e9n a g\u00e9pj\u00e1rm\u0171 ad\u00e1sv\u00e9teli szerz\u0151d\u00e9s al\u00e1\u00edr\u00f3inak szem\u00e9lyazonoss\u00e1g\u00e1t k\u00e9t tan\u00fa hiteles\u00edti. A szerz\u0151d\u00e9s a tan\u00fak nev\u00e9t, lakc\u00edm\u00e9t, szem\u00e9lyi igazolv\u00e1ny sz\u00e1m\u00e1t \u00e9s al\u00e1\u00edr\u00e1s\u00e1t r\u00f6gz\u00edti. A tan\u00fak szem\u00e9lyes adatait V\u00e1llalatunk a szerz\u0151d\u00e9sre ir\u00e1nyad\u00f3 meg\u0151rz\u00e9si ideig t\u00e1rolja, azokat kiz\u00e1r\u00f3lag a szerz\u0151d\u00e9ssel \u00f6sszef\u00fcgg\u0151 c\u00e9lra haszn\u00e1lhatja fel.<\/p>\n<p style=\"text-align: justify;\"><em>IX.1.3. Szerviz-esem\u00e9ny<\/em><\/p>\n<p style=\"text-align: justify;\">Amennyiben \u00d6n jav\u00edt\u00e1si vagy karbantart\u00e1si szolg\u00e1ltat\u00e1st vesz ig\u00e9nybe v\u00e1llalatunkn\u00e1l, a szervizmunkalapon megadott adatait (n\u00e9v, c\u00edm, telefonsz\u00e1m, e-mail c\u00edm) \u00e9s g\u00e9pj\u00e1rm\u0171ve adatait kezelj\u00fck.<\/p>\n<p style=\"text-align: justify;\">Az adatkezel\u00e9s c\u00e9lja az \u00d6n \u00e1ltal megrendelt szolg\u00e1ltat\u00e1s teljes\u00edt\u00e9se.<\/p>\n<p style=\"text-align: justify;\">Az adatok meg\u0151rz\u00e9s\u00e9nek id\u0151tartama: amennyiben m\u00e1s jelleg\u0171, hozz\u00e1j\u00e1rul\u00e1son alapul\u00f3 adatkezel\u00e9shez \u00d6n nem j\u00e1rult hozz\u00e1, az adatokat a szolg\u00e1ltat\u00e1s teljes\u00edt\u00e9s\u00e9b\u0151l k\u00f6vet\u0151en keletkez\u0151 esetleges k\u00f6vetel\u00e9sek el\u00e9v\u00fcl\u00e9si ideje alatt (ide\u00e9rtve garancia szolg\u00e1ltat\u00e1sok \u00e9s a hib\u00e1s teljes\u00edt\u00e9s eset\u00e9n \u00d6nt megillet\u0151 jogok \u00e9rv\u00e9nyes\u00edthet\u0151s\u00e9g\u00e9nek id\u0151tartam\u00e1t), de legfeljebb h\u00e1rom \u00e9vig t\u00e1roljuk.<\/p>\n<p style=\"text-align: justify;\">T\u00e1j\u00e9koztatjuk, hogy a sz\u00e1ml\u00e1t \u00e9s egy\u00e9b sz\u00e1mviteli iratokat (az azokon szerepl\u0151 adatokkal egy\u00fctt) a mindenkori sz\u00e1mviteli jogszab\u00e1lyok el\u0151\u00edr\u00e1sainak megfelel\u0151en (jelenleg legfeljebb a sz\u00e1mlakibocs\u00e1t\u00e1s \u00fczleti \u00e9v\u00e9nek utols\u00f3 napj\u00e1t\u00f3l sz\u00e1m\u00edtott nyolcadik \u00e9v v\u00e9g\u00e9ig) k\u00f6telesek vagyunk meg\u0151rizni.<\/p>\n<p style=\"text-align: justify;\"><em>IX.1.4. Tartoz\u00e9k- \u00e9s alkatr\u00e9szv\u00e1s\u00e1rl\u00e1s<\/em><\/p>\n<p style=\"text-align: justify;\">Amennyiben \u00d6n g\u00e9pj\u00e1rm\u0171v\u00e9hez tartoz\u00e9kot vagy alkatr\u00e9szt v\u00e1s\u00e1rol \u00e9s a fizet\u00e9s sor\u00e1n sz\u00e1ml\u00e1t ig\u00e9nyel, a sz\u00e1ml\u00e1n szerepl\u0151 adatait (n\u00e9v, lakc\u00edm) kezelj\u00fck.<\/p>\n<p style=\"text-align: justify;\">Az adatkezel\u00e9s c\u00e9lja a sz\u00e1ml\u00e1z\u00e1s.<\/p>\n<p style=\"text-align: justify;\">Adatait k\u00fcl\u00f6n nem t\u00e1roljuk, t\u00e1j\u00e9koztatjuk azonban, hogy a sz\u00e1ml\u00e1t \u00e9s egy\u00e9b sz\u00e1mviteli iratokat (az azokon szerepl\u0151 adatokkal egy\u00fctt) a mindenkori sz\u00e1mviteli jogszab\u00e1lyok el\u0151\u00edr\u00e1sainak megfelel\u0151en (jelenleg legfeljebb a sz\u00e1mlakibocs\u00e1t\u00e1s \u00fczleti \u00e9v\u00e9nek utols\u00f3 napj\u00e1t\u00f3l sz\u00e1m\u00edtott nyolcadik \u00e9v v\u00e9g\u00e9ig) \u00a0k\u00f6telesek vagyunk meg\u0151rizni.<\/p>\n<p style=\"text-align: justify;\"><strong>IX.2. V\u00e1llalatunk \u00e9rdekm\u00e9rlegel\u00e9s \u00fatj\u00e1n meg\u00e1llap\u00edtott jogos \u00e9rdek\u00e9n alapul\u00f3 adatkezel\u00e9sek<\/strong><\/p>\n<p style=\"text-align: justify;\">Egyes esetekben az \u00e9rintettek adatv\u00e9delemhez \u00e9s szem\u00e9lyes adataikhoz val\u00f3 joga \u00e9s az adatkezel\u0151k jogos \u00e9rdekei l\u00e1tsz\u00f3lag \u00fctk\u00f6zhetnek. Ilyen esetekben az adatkezel\u0151k \u00e9rdekm\u00e9rlegel\u00e9s \u00fatj\u00e1n juthatnak arra a k\u00f6vetkeztet\u00e9sre, hogy az adatkezel\u00e9s a jogos \u00e9rdekeik \u00e9rv\u00e9nyes\u00edt\u00e9se miatt sz\u00fcks\u00e9ges. Ilyen esetben nem jogosult azonban az adatkezel\u0151 a jogos \u00e9rdek\u00e9n t\u00falmen\u0151 vagy t\u00f6meges adatkezel\u00e9sre.<\/p>\n<p style=\"text-align: justify;\">Az \u00e9rdekm\u00e9rlegel\u00e9s \u00fatj\u00e1n meg\u00e1llap\u00edtott jogos \u00e9rdek sokf\u00e9le lehet, az al\u00e1bbiakban t\u00e1j\u00e9koztat\u00e1st adunk a leggyakrabban el\u0151fordul\u00f3 ilyen adatkezel\u00e9sekr\u0151l.<\/p>\n<p style=\"text-align: justify;\"><em>IX.2.1. Visszah\u00edv\u00e1si akci\u00f3k<\/em><\/p>\n<p style=\"text-align: justify;\">A Volkswagen Konszern \u00e1ltal forgalmazott m\u00e1rk\u00e1kat \u00e9rint\u0151 visszah\u00edv\u00e1si akci\u00f3k sor\u00e1n az \u00e9rintett g\u00e9pj\u00e1rm\u0171 alv\u00e1zsz\u00e1ma alapj\u00e1n a Porsche Hungaria Kft. megk\u00eds\u00e9rli azonos\u00edtani az \u00e9rintett g\u00e9pj\u00e1rm\u0171 tulajdonosait. Amennyiben \u00d6n egy ilyen \u00e9rintett g\u00e9pj\u00e1rm\u0171 tulajdonosa, de adatai a Porsche Hungaria Kft. adatb\u00e1zisaiban nem szerepelnek, \u00fagy a Porsche Hungaria Kft. a mindenkori illet\u00e9kes hat\u00f3s\u00e1gt\u00f3l (jelenleg a Bel\u00fcgyminiszt\u00e9rium Nyilv\u00e1ntart\u00e1sok Vezet\u00e9s\u00e9\u00e9rt Felel\u0151s \u00c1llamtitk\u00e1rs\u00e1g\u00e1t\u00f3l) szerzi be az \u00d6n adatait.<\/p>\n<p style=\"text-align: justify;\">Az adatkezel\u00e9s indoka a valamilyen biztons\u00e1gi kock\u00e1zattal \u00e9rintett g\u00e9pj\u00e1rm\u0171 azonos\u00edt\u00e1sa \u00e9s visszah\u00edv\u00e1sa az \u00d6n biztons\u00e1ga \u00e9rdek\u00e9ben.<\/p>\n<p style=\"text-align: justify;\">Az adatok meg\u0151rz\u00e9s\u00e9nek id\u0151tartama: a visszah\u00edv\u00e1s ok\u00e1b\u00f3l fakad\u00f3an keletkezett ig\u00e9nyekb\u0151l sz\u00e1rmaz\u00f3 k\u00f6vetel\u00e9sek el\u00e9v\u00fcl\u00e9s\u00e9nek ideje, de legfeljebb 10 \u00e9v.<\/p>\n<p style=\"text-align: justify;\"><em>IX.2.2. Motorcsere<\/em><\/p>\n<p style=\"text-align: justify;\">Motorcsere eset\u00e9n az \u00faj motorba a r\u00e9gi motorsz\u00e1m ker\u00fcl be\u00fct\u00e9sre, amelyet a Porsche Hungaria Kft. jogszab\u00e1ly alapj\u00e1n k\u00f6teles nyilv\u00e1ntartani, az \u00d6n nev\u00e9vel \u00e9s lakc\u00edm\u00e9vel egy\u00fctt.<\/p>\n<p style=\"text-align: justify;\">Az adatkezel\u00e9s indoka jogszab\u00e1lyi k\u00f6telezetts\u00e9g.<\/p>\n<p style=\"text-align: justify;\">Az adatok meg\u0151rz\u00e9s\u00e9nek id\u0151tartama: 10 \u00e9v<\/p>\n<p style=\"text-align: justify;\"><em>IX.2.3. \u00dcgy\u00e9l-el\u00e9gedetts\u00e9g m\u00e9r\u00e9se<\/em><\/p>\n<p style=\"text-align: justify;\">Az \u00faj aut\u00f3t v\u00e1s\u00e1rl\u00f3kat id\u0151r\u0151l id\u0151re megkereshetj\u00fck, hogy felm\u00e9rj\u00fck mennyire voltak megel\u00e9gedve a g\u00e9pj\u00e1rm\u0171v\u00fckkel \u00e9s szolg\u00e1ltat\u00e1sainkkal. Id\u0151r\u0151l-id\u0151re ilyen c\u00e9llal tov\u00e1bb\u00edthatjuk adatait a Porsche Hungaria Kft.-nek, illetve a m\u00e1rka szerinti gy\u00e1rt\u00f3nak, amely esetben a Porsche Hungaria Kft., illetve gy\u00e1rt\u00f3 v\u00e1lik az \u00d6n adatainak kezel\u0151j\u00e9v\u00e9.<\/p>\n<p style=\"text-align: justify;\">Az adatkezel\u00e9s indoka a g\u00e9pj\u00e1rm\u0171vek \u00e9s szolg\u00e1ltat\u00e1sok folyamatos fejleszt\u00e9se, az \u00fcgyf\u00e9lig\u00e9nyek jobb felm\u00e9r\u00e9se.<\/p>\n<p style=\"text-align: justify;\">Az adatok meg\u0151rz\u00e9s\u00e9nek id\u0151tartama: a megkeres\u00e9st\u0151l sz\u00e1m\u00edtott 12 h\u00f3nap.<\/p>\n<p style=\"text-align: justify;\"><em>IX.2.4. Szerz\u0151d\u00e9sen k\u00edv\u00fcli k\u00e1rokoz\u00e1s <\/em><\/p>\n<p style=\"text-align: justify;\">Amennyiben valaki a vel\u00fcnk megk\u00f6t\u00f6tt szerz\u0151d\u00e9seihez nem kapcsol\u00f3d\u00f3an okoz k\u00e1rt V\u00e1llalatunk sz\u00e1m\u00e1ra, p\u00e9ld\u00e1ul, egy tesztvezet\u00e9s sor\u00e1n az \u0151 hib\u00e1j\u00e1b\u00f3l k\u00e1r keletkezik a tesztvezet\u00e9sre \u00e1tvett g\u00e9pj\u00e1rm\u0171ben, vagy a keresked\u00e9sben, illetve szervizben anyagi k\u00e1rt vagy szem\u00e9lyi s\u00e9r\u00fcl\u00e9st okoz, v\u00e1llalatunk a k\u00e1rral kapcsolatos ig\u00e9ny\u00e9rv\u00e9nyes\u00edt\u00e9s sor\u00e1n kezelni fogja a k\u00e1rokoz\u00f3 adatait (n\u00e9v, lakc\u00edm, telefonsz\u00e1m, e-mail c\u00edm).<\/p>\n<p style=\"text-align: justify;\">Az adatkezel\u00e9s indoka a jogos ig\u00e9ny \u00e9rv\u00e9nyes\u00edt\u00e9se.<\/p>\n<p style=\"text-align: justify;\">Az adatok meg\u0151rz\u00e9s\u00e9nek id\u0151tartama: az ig\u00e9ny\u00e9rv\u00e9nyes\u00edt\u00e9shez sz\u00fcks\u00e9ges id\u0151, illetve a k\u00f6vetel\u00e9s el\u00e9v\u00fcl\u00e9s\u00e9nek id\u0151tartama, vagy legfeljebb a k\u00e1resem\u00e9nyr\u0151l val\u00f3 tudom\u00e1sszerz\u00e9st\u0151l sz\u00e1m\u00edtott \u00f6t \u00e9v, att\u00f3l f\u00fcgg\u0151en, hogy melyik a hosszabb.<\/p>\n<p style=\"text-align: justify;\"><em>IX.2.5. B\u00edrs\u00e1g tov\u00e1bbsz\u00e1ml\u00e1z\u00e1sa, biztos\u00edt\u00e1si \u00fcgyint\u00e9z\u00e9s, hat\u00f3s\u00e1gi megkeres\u00e9s<\/em><\/p>\n<p style=\"text-align: justify;\">Amennyiben \u00d6n b\u00e9rbe vesz vagy tesztvezet\u00e9sre \u00e1tvesz egy g\u00e9pj\u00e1rm\u0171vet, \u00e9s azzal szab\u00e1lys\u00e9rt\u00e9st k\u00f6vet el vagy egy\u00e9b, p\u00f3td\u00edj szankci\u00f3val j\u00e1r\u00f3 szab\u00e1lyszeg\u00e9st k\u00f6vet el (pl. jegyv\u00e1lt\u00e1s n\u00e9lk\u00fcl parkol), a kiszabott b\u00edrs\u00e1got, d\u00edjat vagy p\u00f3td\u00edjat tov\u00e1bbsz\u00e1ml\u00e1zzuk \u00d6nnek. Ezekben az esetekben a sz\u00fcks\u00e9ges, a b\u00e9rleti szerz\u0151d\u00e9s megk\u00f6t\u00e9se illetve a tesztvezet\u00e9s sor\u00e1n megadott adatait (n\u00e9v, lakc\u00edm, sz\u00fclet\u00e9si hely \u00e9s id\u0151, anyja neve, telefonsz\u00e1m, e-mail c\u00edm) kezelni fogjuk. Ha pedig a g\u00e9pj\u00e1rm\u0171vel olyan esem\u00e9ny t\u00f6rt\u00e9nik, amely biztos\u00edt\u00e1si k\u00e1resem\u00e9nynek min\u0151s\u00fclhet, \u00fagy a k\u00e1rbejelent\u0151n megadott adatait kezelni valamint tov\u00e1bb\u00edtani fogjuk a biztos\u00edt\u00f3nak.<\/p>\n<p style=\"text-align: justify;\">Az adatkezel\u00e9s indoka a jogos k\u00f6vetel\u00e9s \u00e9rv\u00e9nyes\u00edt\u00e9se.<\/p>\n<p style=\"text-align: justify;\">Az adatok meg\u0151rz\u00e9s\u00e9nek id\u0151tartama: az ig\u00e9ny\u00e9rv\u00e9nyes\u00edt\u00e9shez sz\u00fcks\u00e9ges id\u0151, illetve a k\u00f6vetel\u00e9s el\u00e9v\u00fcl\u00e9s\u00e9nek id\u0151tartama (a k\u00e1r bek\u00f6vetkezt\u00e9t\u0151l sz\u00e1m\u00edtott \u00f6t \u00e9v), illetve a sz\u00e1ml\u00e1t \u00e9s egy\u00e9b sz\u00e1mviteli iratokat (az azokon szerepl\u0151 adatokkal egy\u00fctt) a mindenkori sz\u00e1mviteli jogszab\u00e1lyok el\u0151\u00edr\u00e1sainak megfelel\u0151en (jelenleg legfeljebb a sz\u00e1mlakibocs\u00e1t\u00e1s \u00fczleti \u00e9v\u00e9nek utols\u00f3 napj\u00e1t\u00f3l sz\u00e1m\u00edtott nyolcadik \u00e9v v\u00e9g\u00e9ig) k\u00f6telesek vagyunk meg\u0151rizni.<\/p>\n<p style=\"text-align: justify;\">Amennyiben az \u00d6n g\u00e9pj\u00e1rm\u0171 haszn\u00e1lata sor\u00e1n a hat\u00f3s\u00e1gi elj\u00e1r\u00e1s indul, \u00e9s a hat\u00f3s\u00e1g ezzel kapcsolatban keresi meg a V\u00e1llalatunkat, akkor a hat\u00f3s\u00e1g \u00e1ltal ig\u00e9nyelt adatokat (jellemz\u0151en n\u00e9v, lakc\u00edm, sz\u00fclet\u00e9si hely \u00e9s id\u0151, anyja neve, telefonsz\u00e1m, e-mail c\u00edm) a hat\u00f3s\u00e1gnak \u00e1tadjuk.<\/p>\n<p style=\"text-align: justify;\"><strong>IX.3. Kifejezett hozz\u00e1j\u00e1rul\u00e1son alapul\u00f3 adatkezel\u00e9sek<\/strong><\/p>\n<p style=\"text-align: justify;\">V\u00e1llalatunk az \u00d6n szem\u00e9lyes adatait (n\u00e9v, lakc\u00edm, sz\u00fclet\u00e9si hely \u00e9s id\u0151, telefonsz\u00e1m, e-mail c\u00edm) automatiz\u00e1lt d\u00f6nt\u00e9shozatalhoz, illetve profiloz\u00e1shoz, tov\u00e1bb\u00e1 \u00fczletszerz\u00e9si c\u00e9llal, \u00edgy \u00faj term\u00e9kaj\u00e1nlatok, akci\u00f3k n\u00e9pszer\u0171s\u00edt\u00e9se, piackutat\u00e1s, tesztvezet\u00e9sre sz\u00f3l\u00f3 felh\u00edv\u00e1s, nyerem\u00e9nyj\u00e1t\u00e9k \u00e9s j\u00f3t\u00e9konys\u00e1gi akci\u00f3kba val\u00f3 bekapcsol\u00f3d\u00e1s c\u00e9lj\u00e1b\u00f3l kezeli, kiz\u00e1r\u00f3lag abban a k\u00f6rben, amelyhez \u00d6n az adatkezel\u00e9si hozz\u00e1j\u00e1rul\u00e1s kit\u00f6lt\u00e9se sor\u00e1n hozz\u00e1j\u00e1rult.<\/p>\n<p style=\"text-align: justify;\">A fentieken bel\u00fcl az adatkezel\u00e9s c\u00e9lja az, hogy V\u00e1llalatunk<\/p>\n<ol style=\"text-align: justify;\">\n<li>az \u00fcgyf\u00e9llel vagy j\u00e1t\u00e9kossal szemben fenn\u00e1ll\u00f3, szerz\u0151d\u00e9sen vagy jogszab\u00e1lyon alapul\u00f3 jogait gyakorolja, k\u00f6telezetts\u00e9geit teljes\u00edtse;<\/li>\n<li>az \u00fcgyfelek \u00e9s \u00e9rdekl\u0151d\u0151k tekintet\u00e9ben biztos\u00edtsa \u00e9s ellen\u0151rizze a min\u0151s\u00e9gi szabv\u00e1nyoknak megfelel\u0151, magas sz\u00ednvonal\u00fa kiszolg\u00e1l\u00e1st (k\u00fcl\u00f6n\u00f6s tekintettel a garanci\u00e1lis \u00fcgyint\u00e9z\u00e9sre, a visszah\u00edv\u00e1si akci\u00f3kra, az inkognit\u00f3 tesztekre \u00e9s a CRM-programra);<\/li>\n<li>a tesztvezet\u0151k adatait a megkeres\u0151 hat\u00f3s\u00e1g (k\u00fcl\u00f6n\u00f6sen a k\u00f6z\u00fati szab\u00e1lys\u00e9rt\u00e9si elj\u00e1r\u00e1sban elj\u00e1r\u00f3 hat\u00f3s\u00e1g) r\u00e9sz\u00e9re tov\u00e1bb\u00edtsa;<\/li>\n<li>az \u00e9rintettek vonatkoz\u00e1s\u00e1ban piackutat\u00e1st \u00e9s k\u00f6zvetlen \u00fczletszerz\u00e9st (direkt marketing) v\u00e9gezzen elektronikus \u00faton \u00e9s m\u00e1s m\u00f3don, t\u00e1j\u00e9koztat\u00f3kat \u00e9s h\u00edrleveleket k\u00fcldj\u00f6n r\u00e9sz\u00fckre az \u00e1ltaluk kiv\u00e1lasztott m\u00f3don;<\/li>\n<li>az \u00e9rintettek V\u00e1llalatunkn\u00e1l m\u00e1r nyilv\u00e1ntartott adatait folyamatosan aktualiz\u00e1lja a k\u00e9s\u0151bbi kapcsolatfelv\u00e9telek alkalm\u00e1val;<\/li>\n<li>az \u00e9rintettekkel folyamatos kapcsolatot tartson.<\/li>\n<\/ol>\n<p style=\"text-align: justify;\">Az adatok meg\u0151rz\u00e9s\u00e9nek id\u0151tartama: az \u00fczletszerz\u00e9si c\u00e9llal k\u00e9rt \u00e9s gy\u0171jt\u00f6tt adatokat az adatkezel\u00e9si hozz\u00e1j\u00e1rul\u00e1s visszavon\u00e1s\u00e1ig t\u00e1roljuk, kiv\u00e9ve, amennyiben az al\u00e1bbiakban ett\u0151l elt\u00e9r\u0151 meg\u0151rz\u00e9si id\u0151 szerepel.<\/p>\n<p style=\"text-align: justify;\"><em>IX.3.1. Automatiz\u00e1lt d\u00f6nt\u00e9shozatal \u00e9s profiloz\u00e1s<\/em><\/p>\n<p style=\"text-align: justify;\">V\u00e1llalatunk az \u00e9rintett kifejezett \u00e9s el\u0151zetes hozz\u00e1j\u00e1rul\u00e1sa eset\u00e9n az \u00e9rintettr\u0151l V\u00e1llalatunkn\u00e1l rendelkez\u00e9sre \u00e1ll\u00f3 vagy m\u00e1s forr\u00e1sb\u00f3l jogszer\u0171en szerzett adatok alapj\u00e1n bizonyos c\u00e9lzott megkeres\u00e9seket automatiz\u00e1lt d\u00f6nt\u00e9shozatal \u00fatj\u00e1n \u00e9s profiloz\u00e1s eredm\u00e9nyek\u00e9nt k\u00fcldhet. Az automatiz\u00e1lt d\u00f6nt\u00e9shozatal el\u0151re meghat\u00e1rozott szempontok szerinti lev\u00e1logat\u00e1ssal t\u00f6rt\u00e9nik, a kor\u00e1bbi adatok alapj\u00e1n meghat\u00e1rozhat\u00f3 profilnak megfelel\u0151en. Ilyen adatok lehetnek t\u00f6bbek k\u00f6z\u00f6tt az \u00e9rintett szem\u00e9ly\u00e9re (pl. nem\u00e9re, \u00e9letkor\u00e1ra, lakhely\u00e9re, foglalkoz\u00e1s\u00e1ra, kedvtel\u00e9seire) \u00e9letk\u00f6r\u00fclm\u00e9nyeire (pl. csal\u00e1di \u00e1llapot\u00e1ra \u00e9s helyzet\u00e9re, j\u00f6vedelmi viszonyaira), felhaszn\u00e1l\u00e1si szok\u00e1saira vonatkoz\u00f3 adatok. A profiloz\u00e1s c\u00e9lja az \u00e9rintett felhaszn\u00e1l\u00e1si szok\u00e1sainak, preferenci\u00e1inak legink\u00e1bb megfelel\u0151 aj\u00e1nlatok kidolgoz\u00e1sa.<\/p>\n<p style=\"text-align: justify;\">Az \u00e9rintett b\u00e1rmikor tov\u00e1bbi inform\u00e1ci\u00f3t k\u00e9rhet a profiloz\u00e1s m\u00f3dj\u00e1r\u00f3l, k\u00fcl\u00f6n\u00f6sen a figyelembe vett adatokr\u00f3l, az azokb\u00f3l levont k\u00f6vetkeztet\u00e9sekr\u0151l, illetve az adatok forr\u00e1s\u00e1r\u00f3l.<\/p>\n<p style=\"text-align: justify;\"><em>IX.3.2. \u00daj term\u00e9kaj\u00e1nlat, akci\u00f3k, h\u00edrlevelek<\/em><\/p>\n<p style=\"text-align: justify;\">Amennyiben az \u00e9rintett hozz\u00e1j\u00e1rul V\u00e1llalatunk adatkezel\u00e9s\u00e9hez az \u00faj term\u00e9kek, szerviz- \u00e9s alkatr\u00e9szakci\u00f3k, h\u00edrlevelek, m\u00e1rkamagazinok stb. k\u00fcld\u00e9se c\u00e9lj\u00e1b\u00f3l, V\u00e1llalatunk \u00e9rintett adatait e c\u00e9lra elk\u00fcl\u00f6n\u00edtetten kezeli addig, am\u00edg az adatkezel\u00e9si hozz\u00e1j\u00e1rul\u00e1st az \u00e9rintett vissza nem vonja.<\/p>\n<p style=\"text-align: justify;\"><em>IX.3.4. Piackutat\u00e1s<\/em><\/p>\n<p style=\"text-align: justify;\">V\u00e1llalatunk k\u00fcl\u00f6n, \u00e9s a k\u00f6zvetlen \u00fczletszerz\u00e9si c\u00e9llal kezelt adatokkal \u00f6ssze nem kapcsolhat\u00f3 list\u00e1kon tartja nyilv\u00e1n azon \u00e9rintettek szem\u00e9lyes adatait, akik kiz\u00e1r\u00f3lag a fogyaszt\u00f3i szok\u00e1saik megismer\u00e9se \u00e9rdek\u00e9ben t\u00f6rt\u00e9n\u0151 kapcsolatfelv\u00e9tel (piackutat\u00e1s) c\u00e9lj\u00e1b\u00f3l t\u00f6rt\u00e9n\u0151 felhaszn\u00e1l\u00e1shoz adt\u00e1k hozz\u00e1j\u00e1rul\u00e1sukat. V\u00e1llalatunk a piackutat\u00e1s ut\u00e1n halad\u00e9ktalanul lev\u00e1lasztja az \u00e9rintett n\u00e9v- \u00e9s lakc\u00edmadat\u00e1t a kutat\u00e1s egy\u00e9b adatair\u00f3l, \u00e9s elk\u00fcl\u00f6n\u00edtetten, az \u00e9rintett beazonos\u00edthat\u00f3s\u00e1g\u00e1t \u00e9s a v\u00e1laszaival t\u00f6rt\u00e9n\u0151 \u00f6sszekapcsol\u00e1s\u00e1t kiz\u00e1r\u00f3 m\u00f3don t\u00e1rolja azokat. Az elk\u00fcl\u00f6n\u00edt\u00e9st\u0151l kiz\u00e1r\u00f3lag az \u00e9rintett kifejezett hozz\u00e1j\u00e1rul\u00e1sa eset\u00e9n tekint el V\u00e1llalatunk.<\/p>\n<p style=\"text-align: justify;\"><em>IX.3.5. Tesztvezet\u00e9s<\/em><\/p>\n<p style=\"text-align: justify;\">Tesztvezet\u00e9sre jelentkez\u00e9s eset\u00e9n az \u00d6n nev\u00e9n, lakc\u00edm\u00e9n, telefonsz\u00e1m\u00e1n \u00e9s e-mail c\u00edm\u00e9n k\u00edv\u00fcl, nyilv\u00e1ntart\u00e1sba vessz\u00fck szem\u00e9lyi igazolv\u00e1nya \u00e9s jogos\u00edtv\u00e1nya sz\u00e1m\u00e1t, sz\u00fclet\u00e9si hely\u00e9t \u00e9s idej\u00e9t, valamint anyja nev\u00e9t. Ezekre az adatokra jogos \u00e9rdekeink \u00e9rv\u00e9nyes\u00edt\u00e9se c\u00e9lj\u00e1b\u00f3l is sz\u00fcks\u00e9g\u00fcnk van (a meg\u0151rz\u00e9s indok\u00e1r\u00f3l \u00e9s id\u0151tartam\u00e1r\u00f3l r\u00e9szletesen l\u00e1sd a jelen T\u00e1j\u00e9koztat\u00f3 VII.2.5. pontj\u00e1t).<\/p>\n<p style=\"text-align: justify;\"><em>IX.3.6. Nyerem\u00e9nyj\u00e1t\u00e9k<\/em><\/p>\n<p style=\"text-align: justify;\">Meghat\u00e1rozott nyerem\u00e9nyj\u00e1t\u00e9kra val\u00f3 jelentkez\u00e9s eset\u00e9n V\u00e1llalatunk a j\u00e1t\u00e9kszab\u00e1lyzatban meghat\u00e1rozott szem\u00e9lyes adatokat kezeli a sorsol\u00e1s lebonyol\u00edt\u00e1sa \u00e9s a nyerem\u00e9nyek \u00e1tad\u00e1sa c\u00e9lj\u00e1b\u00f3l. Egy\u00e9b \u00e9rv\u00e9nyes adatkezel\u00e9si hozz\u00e1j\u00e1rul\u00e1s hi\u00e1ny\u00e1ban V\u00e1llalatunk a nyerem\u00e9nyj\u00e1t\u00e9k lebonyol\u00edt\u00e1s\u00e1t k\u00f6vet\u0151en t\u00f6rli a j\u00e1t\u00e9kosok adatait. V\u00e1llalatunk a nyertesek adatait a nyerem\u00e9nyekkel kapcsolatos esetleges ig\u00e9ny\u00e9rv\u00e9nyes\u00edt\u00e9ssel kapcsolatos, illetve az ad\u00f3z\u00e1ssal \u00e9s a szerencsej\u00e1t\u00e9kok fel\u00fcgyelet\u00e9vel kapcsolatos jogszab\u00e1lyok szerinti k\u00f6telezetts\u00e9gek el\u00e9v\u00fcl\u00e9si idej\u00e9n bel\u00fcl \u0151rzi meg, ezt k\u00f6vet\u0151en t\u00f6rli.<\/p>\n<p style=\"text-align: justify;\"><em>IX.3.7. J\u00f3t\u00e9konys\u00e1gi akci\u00f3k<\/em><\/p>\n<p style=\"text-align: justify;\">Az egyes j\u00f3t\u00e9konys\u00e1gi akci\u00f3k c\u00e9lj\u00e1b\u00f3l egyedi m\u00f3don gy\u0171jt\u00f6tt \u00e9s kezelt adatokat V\u00e1llalatunk egy\u00e9b \u00e1ltal\u00e1nos adatkezel\u00e9si hozz\u00e1j\u00e1rul\u00e1s hi\u00e1ny\u00e1ban a j\u00f3t\u00e9konys\u00e1gi akci\u00f3 megval\u00f3sul\u00e1s\u00e1t k\u00f6vet\u0151en t\u00f6rli.<\/p>\n<p style=\"text-align: justify;\"><strong>X. Mik azok a s\u00fctik \u00e9s k\u00f6z\u00f6ss\u00e9gi pluginek, \u00e9s mire szolg\u00e1lnak?<\/strong><\/p>\n<p style=\"text-align: justify;\">Weboldalunk automatikusan gy\u0171jt adatokat \u00fan. s\u00fctik (cookies) alkalmaz\u00e1sa r\u00e9v\u00e9n. A s\u00fcti egy kis m\u00e9ret\u0171 sz\u00f6veges f\u00e1jl, amely internet be\u00e1ll\u00edt\u00e1sokat t\u00e1rol. Szinte minden honlap alkalmazza ezt a technol\u00f3gi\u00e1t.<\/p>\n<p style=\"text-align: justify;\">Amikor el\u0151sz\u00f6r l\u00e1togat el a weboldalra, a s\u00fcti automatikusan let\u00f6lt\u0151dik a keres\u0151j\u00e9b\u0151l. Ha legk\u00f6zelebb ugyanarr\u00f3l az eszk\u00f6zr\u0151l l\u00e9p be a weboldalra, a s\u00fctit \u2013 \u00e9s a benne foglalt inform\u00e1ci\u00f3t \u2013 vagy visszak\u00fcldi a rendszer annak a weboldalnak, amely l\u00e9trehozta (\u00fan. saj\u00e1t s\u00fcti), vagy elk\u00fcldi egy m\u00e1sik weboldalnak, amelyhez tartozik (\u00fan. partner s\u00fcti). \u00cdgy a weboldal felismeri, hogy az adott oldalt ezzel a keres\u0151vel megnyitott\u00e1k, \u00e9s egyes esetekben m\u00f3dos\u00edtja a megjelen\u00edtett tartalmat.<\/p>\n<p style=\"text-align: justify;\">A weboldalainkon haszn\u00e1lt s\u00fctikr\u0151l b\u0151vebb inform\u00e1ci\u00f3t tal\u00e1l az egyes weboldalakon elhelyezett linkeken.<\/p>\n<p style=\"text-align: justify;\"><strong>XI. Ki jogosult megismerni az \u00d6n \u00e1ltalunk kezelt adatait?<\/strong><\/p>\n<p style=\"text-align: justify;\">A kezelt adatokat az V\u00e1llalatunk illet\u00e9kes munkav\u00e1llal\u00f3i, valamint \u00a0jelen T\u00e1j\u00e9koztat\u00f3ban megjel\u00f6lt adatfeldolgoz\u00f3k munkat\u00e1rsai jogosultak megismerni abban a k\u00f6rben, amelyben ez a feladataik ell\u00e1t\u00e1s\u00e1hoz sz\u00fcks\u00e9ges.<\/p>\n<p style=\"text-align: justify;\">25.08.2020<br \/>Piedl Kft.<\/p>\n<\/div>\n<\/div>\n<p>[\/et_pb_text][\/et_pb_column][\/et_pb_row][\/et_pb_section]<\/p>\n","protected":false},"excerpt":{"rendered":"<p>\u00c1LTAL\u00c1NOS ADATV\u00c9DELMI \u00c9S ADATKEZEL\u00c9SI T\u00c1J\u00c9KOZTAT\u00d3 \u00c1LTAL\u00c1NOS ADATV\u00c9DELMI \u00c9S ADATKEZEL\u00c9SI T\u00c1J\u00c9KOZTAT\u00d3 (VOLKSWAGEN KONSZERNHEZ TARTOZ\u00d3 M\u00c1RK\u00c1K) \u00d6r\u00f6mmel vessz\u00fck \u00e9rdekl\u0151d\u00e9s\u00e9t v\u00e1llalatunk \u00e9s az \u00e1ltalunk forgalmazott, Volkswagen Konszernhez tartoz\u00f3 m\u00e1rk\u00e1k ir\u00e1nt. Sz\u00e1munkra nagyon fontos az \u00d6n szem\u00e9lyes adatainak v\u00e9delme, ez\u00e9rt az al\u00e1bbiakban r\u00e9szletesen t\u00e1j\u00e9koztatjuk az \u00e1ltalunk folytatott adatkezel\u00e9sr\u0151l. Piedl Kft. a szem\u00e9lyes adatok felhaszn\u00e1l\u00e1sa \u00e9s kezel\u00e9se sor\u00e1n szigor\u00faan betartja [&hellip;]<\/p>\n","protected":false},"author":1,"featured_media":0,"parent":0,"menu_order":0,"comment_status":"closed","ping_status":"closed","template":"","meta":{"_et_pb_use_builder":"on","_et_pb_old_content":"","_et_gb_content_width":"","footnotes":""},"class_list":["post-168","page","type-page","status-publish","hentry"],"yoast_head":"<!-- This site is optimized with the Yoast SEO plugin v27.5 - https:\/\/yoast.com\/product\/yoast-seo-wordpress\/ -->\n<title>Adatv\u00e9delmi t\u00e1j\u00e9koztat\u00f3 - Piedl Flotta<\/title>\n<meta name=\"robots\" content=\"index, follow, max-snippet:-1, max-image-preview:large, max-video-preview:-1\" \/>\n<link rel=\"canonical\" href=\"https:\/\/piedlflotta.hu\/index.php\/168-2\/\" \/>\n<meta property=\"og:locale\" content=\"hu_HU\" \/>\n<meta property=\"og:type\" content=\"article\" \/>\n<meta property=\"og:title\" content=\"Adatv\u00e9delmi t\u00e1j\u00e9koztat\u00f3 - Piedl Flotta\" \/>\n<meta property=\"og:description\" content=\"\u00c1LTAL\u00c1NOS ADATV\u00c9DELMI \u00c9S ADATKEZEL\u00c9SI T\u00c1J\u00c9KOZTAT\u00d3 \u00c1LTAL\u00c1NOS ADATV\u00c9DELMI \u00c9S ADATKEZEL\u00c9SI T\u00c1J\u00c9KOZTAT\u00d3 (VOLKSWAGEN KONSZERNHEZ TARTOZ\u00d3 M\u00c1RK\u00c1K) \u00d6r\u00f6mmel vessz\u00fck \u00e9rdekl\u0151d\u00e9s\u00e9t v\u00e1llalatunk \u00e9s az \u00e1ltalunk forgalmazott, Volkswagen Konszernhez tartoz\u00f3 m\u00e1rk\u00e1k ir\u00e1nt. Sz\u00e1munkra nagyon fontos az \u00d6n szem\u00e9lyes adatainak v\u00e9delme, ez\u00e9rt az al\u00e1bbiakban r\u00e9szletesen t\u00e1j\u00e9koztatjuk az \u00e1ltalunk folytatott adatkezel\u00e9sr\u0151l. Piedl Kft. a szem\u00e9lyes adatok felhaszn\u00e1l\u00e1sa \u00e9s kezel\u00e9se sor\u00e1n szigor\u00faan betartja [&hellip;]\" \/>\n<meta property=\"og:url\" content=\"https:\/\/piedlflotta.hu\/index.php\/168-2\/\" \/>\n<meta property=\"og:site_name\" content=\"Piedl Flotta\" \/>\n<meta property=\"article:modified_time\" content=\"2022-03-12T21:28:17+00:00\" \/>\n<meta name=\"twitter:card\" content=\"summary_large_image\" \/>\n<script type=\"application\/ld+json\" class=\"yoast-schema-graph\">{\"@context\":\"https:\\\/\\\/schema.org\",\"@graph\":[{\"@type\":\"WebPage\",\"@id\":\"https:\\\/\\\/piedlflotta.hu\\\/index.php\\\/168-2\\\/\",\"url\":\"https:\\\/\\\/piedlflotta.hu\\\/index.php\\\/168-2\\\/\",\"name\":\"Adatv\u00e9delmi t\u00e1j\u00e9koztat\u00f3 - Piedl Flotta\",\"isPartOf\":{\"@id\":\"https:\\\/\\\/piedlflotta.hu\\\/#website\"},\"datePublished\":\"2022-03-12T21:25:44+00:00\",\"dateModified\":\"2022-03-12T21:28:17+00:00\",\"breadcrumb\":{\"@id\":\"https:\\\/\\\/piedlflotta.hu\\\/index.php\\\/168-2\\\/#breadcrumb\"},\"inLanguage\":\"hu\",\"potentialAction\":[{\"@type\":\"ReadAction\",\"target\":[\"https:\\\/\\\/piedlflotta.hu\\\/index.php\\\/168-2\\\/\"]}]},{\"@type\":\"BreadcrumbList\",\"@id\":\"https:\\\/\\\/piedlflotta.hu\\\/index.php\\\/168-2\\\/#breadcrumb\",\"itemListElement\":[{\"@type\":\"ListItem\",\"position\":1,\"name\":\"Kezd\u0151lap\",\"item\":\"https:\\\/\\\/piedlflotta.hu\\\/\"},{\"@type\":\"ListItem\",\"position\":2,\"name\":\"Adatv\u00e9delmi t\u00e1j\u00e9koztat\u00f3\"}]},{\"@type\":\"WebSite\",\"@id\":\"https:\\\/\\\/piedlflotta.hu\\\/#website\",\"url\":\"https:\\\/\\\/piedlflotta.hu\\\/\",\"name\":\"Piedl Flotta\",\"description\":\"Rent a Car\",\"potentialAction\":[{\"@type\":\"SearchAction\",\"target\":{\"@type\":\"EntryPoint\",\"urlTemplate\":\"https:\\\/\\\/piedlflotta.hu\\\/?s={search_term_string}\"},\"query-input\":{\"@type\":\"PropertyValueSpecification\",\"valueRequired\":true,\"valueName\":\"search_term_string\"}}],\"inLanguage\":\"hu\"}]}<\/script>\n<!-- \/ Yoast SEO plugin. -->","yoast_head_json":{"title":"Adatv\u00e9delmi t\u00e1j\u00e9koztat\u00f3 - Piedl Flotta","robots":{"index":"index","follow":"follow","max-snippet":"max-snippet:-1","max-image-preview":"max-image-preview:large","max-video-preview":"max-video-preview:-1"},"canonical":"https:\/\/piedlflotta.hu\/index.php\/168-2\/","og_locale":"hu_HU","og_type":"article","og_title":"Adatv\u00e9delmi t\u00e1j\u00e9koztat\u00f3 - Piedl Flotta","og_description":"\u00c1LTAL\u00c1NOS ADATV\u00c9DELMI \u00c9S ADATKEZEL\u00c9SI T\u00c1J\u00c9KOZTAT\u00d3 \u00c1LTAL\u00c1NOS ADATV\u00c9DELMI \u00c9S ADATKEZEL\u00c9SI T\u00c1J\u00c9KOZTAT\u00d3 (VOLKSWAGEN KONSZERNHEZ TARTOZ\u00d3 M\u00c1RK\u00c1K) \u00d6r\u00f6mmel vessz\u00fck \u00e9rdekl\u0151d\u00e9s\u00e9t v\u00e1llalatunk \u00e9s az \u00e1ltalunk forgalmazott, Volkswagen Konszernhez tartoz\u00f3 m\u00e1rk\u00e1k ir\u00e1nt. Sz\u00e1munkra nagyon fontos az \u00d6n szem\u00e9lyes adatainak v\u00e9delme, ez\u00e9rt az al\u00e1bbiakban r\u00e9szletesen t\u00e1j\u00e9koztatjuk az \u00e1ltalunk folytatott adatkezel\u00e9sr\u0151l. Piedl Kft. a szem\u00e9lyes adatok felhaszn\u00e1l\u00e1sa \u00e9s kezel\u00e9se sor\u00e1n szigor\u00faan betartja [&hellip;]","og_url":"https:\/\/piedlflotta.hu\/index.php\/168-2\/","og_site_name":"Piedl Flotta","article_modified_time":"2022-03-12T21:28:17+00:00","twitter_card":"summary_large_image","schema":{"@context":"https:\/\/schema.org","@graph":[{"@type":"WebPage","@id":"https:\/\/piedlflotta.hu\/index.php\/168-2\/","url":"https:\/\/piedlflotta.hu\/index.php\/168-2\/","name":"Adatv\u00e9delmi t\u00e1j\u00e9koztat\u00f3 - Piedl Flotta","isPartOf":{"@id":"https:\/\/piedlflotta.hu\/#website"},"datePublished":"2022-03-12T21:25:44+00:00","dateModified":"2022-03-12T21:28:17+00:00","breadcrumb":{"@id":"https:\/\/piedlflotta.hu\/index.php\/168-2\/#breadcrumb"},"inLanguage":"hu","potentialAction":[{"@type":"ReadAction","target":["https:\/\/piedlflotta.hu\/index.php\/168-2\/"]}]},{"@type":"BreadcrumbList","@id":"https:\/\/piedlflotta.hu\/index.php\/168-2\/#breadcrumb","itemListElement":[{"@type":"ListItem","position":1,"name":"Kezd\u0151lap","item":"https:\/\/piedlflotta.hu\/"},{"@type":"ListItem","position":2,"name":"Adatv\u00e9delmi t\u00e1j\u00e9koztat\u00f3"}]},{"@type":"WebSite","@id":"https:\/\/piedlflotta.hu\/#website","url":"https:\/\/piedlflotta.hu\/","name":"Piedl Flotta","description":"Rent a Car","potentialAction":[{"@type":"SearchAction","target":{"@type":"EntryPoint","urlTemplate":"https:\/\/piedlflotta.hu\/?s={search_term_string}"},"query-input":{"@type":"PropertyValueSpecification","valueRequired":true,"valueName":"search_term_string"}}],"inLanguage":"hu"}]}},"_links":{"self":[{"href":"https:\/\/piedlflotta.hu\/index.php\/wp-json\/wp\/v2\/pages\/168","targetHints":{"allow":["GET"]}}],"collection":[{"href":"https:\/\/piedlflotta.hu\/index.php\/wp-json\/wp\/v2\/pages"}],"about":[{"href":"https:\/\/piedlflotta.hu\/index.php\/wp-json\/wp\/v2\/types\/page"}],"author":[{"embeddable":true,"href":"https:\/\/piedlflotta.hu\/index.php\/wp-json\/wp\/v2\/users\/1"}],"replies":[{"embeddable":true,"href":"https:\/\/piedlflotta.hu\/index.php\/wp-json\/wp\/v2\/comments?post=168"}],"version-history":[{"count":5,"href":"https:\/\/piedlflotta.hu\/index.php\/wp-json\/wp\/v2\/pages\/168\/revisions"}],"predecessor-version":[{"id":176,"href":"https:\/\/piedlflotta.hu\/index.php\/wp-json\/wp\/v2\/pages\/168\/revisions\/176"}],"wp:attachment":[{"href":"https:\/\/piedlflotta.hu\/index.php\/wp-json\/wp\/v2\/media?parent=168"}],"curies":[{"name":"wp","href":"https:\/\/api.w.org\/{rel}","templated":true}]}}